{"id":2845,"date":"2022-12-14T09:16:17","date_gmt":"2022-12-14T09:16:17","guid":{"rendered":"https:\/\/healthyworkplace.ie\/areas\/reimsi-follaine\/bia-slaintiuil\/gniomhaiochtai-ar-leibheal-aonair\/"},"modified":"2023-05-15T16:56:45","modified_gmt":"2023-05-15T15:56:45","slug":"gniomhaiochtai-ar-leibheal-aonair","status":"publish","type":"areas","link":"https:\/\/healthyworkplace.ie\/ga\/areas\/reimsi-follaine\/bia-slaintiuil\/gniomhaiochtai-ar-leibheal-aonair\/","title":{"rendered":"Gn\u00edomha\u00edochta\u00ed ar leibh\u00e9al aonair"},"content":{"rendered":"\n<p>Is d\u00f3cha go nd\u00edreoidh do thionscnaimh foll\u00e1ine ar an leibh\u00e9al aonair ar fheasacht a mh\u00fascailt agus\/n\u00f3 scileanna a th\u00f3g\u00e1il chun an r\u00e9imse foll\u00e1ine seo a bhainisti\u00fa.<\/p>\n\n<div class=\"wp-block-pb-accordion-item c-accordion__item js-accordion-item no-js\" data-initially-open=\"false\" data-click-to-close=\"true\" data-auto-close=\"true\" data-scroll=\"true\" data-scroll-offset=\"0\"><h2 id=\"at-12830\" class=\"c-accordion__title js-accordion-controller\" role=\"button\">Feasacht a ard\u00fa ar Choth\u00fa agus ar Bhia Sl\u00e1inti\u00fail agus l\u00ednte taca\u00edochta a aithint.<\/h2><div id=\"ac-12830\" class=\"c-accordion__content\">\n<p>Neartaigh do phobal tr\u00ed fhostaithe a nascadh le hacmhainn\u00ed \u00e1iti\u00fala agus fi\u00fa smaoineamh ar ail\u00edni\u00fa le heagra\u00edochta\u00ed pobail mar chuid de pholasa\u00ed um Fhreagracht Sh\u00f3isialta Chorpar\u00e1ideach. <\/p>\n\n\n\n<p>M\u00e1 t\u00e1 saineola\u00ed ar choth\u00fa \u00e1 fhost\u00fa agat, n\u00e1 d\u00e9an dearmad gur ch\u00f3ir go mbeadh bia-eolaithe na h\u00c9ireann cl\u00e1raithe le <a href=\"https:\/\/www.coru.ie\/\" target=\"_blank\" rel=\"noreferrer noopener\">CORU<\/a> agus is f\u00e9idir teacht ar an liosta de bhia-eolaithe cl\u00e1raithe ar an l\u00e1ithre\u00e1n gr\u00e9as\u00e1in <a href=\"https:\/\/www.indi.ie\/\" target=\"_blank\" rel=\"noreferrer noopener\">INDI .<\/a> Sa R\u00edocht Aontaithe, ba cheart bia-eolaithe a chl\u00e1r\u00fa leis an<a href=\"https:\/\/www.bda.uk.com\/\" target=\"_blank\" rel=\"noreferrer noopener\">British Dietetic Association.<\/a> N\u00ed m\u00f3r do shaineolaithe coth\u00fach\u00e1in, as an RA agus as \u00c9irinn, cl\u00e1r\u00fa leis an <a href=\"https:\/\/www.associationfornutrition.org\/\" target=\"_blank\" rel=\"noreferrer noopener\">Association for Nutrition<\/a> (AfN). <\/p>\n\n\n\n<p>F\u00e9ach freisin \u00e1r <a href=\"https:\/\/healthyworkplace.ie\/ga\/areas\/nasc-pobail\/acmhainni-bia-slaintiuil\/\">Naisc Phobail<\/a> chun nascadh le heagra\u00edocht a chabhr\u00f3idh le Bia Sl\u00e1inti\u00fail a fheabhs\u00fa i d&#8217;ionad oibre. Is f\u00e9idir leat cl\u00e1r\u00fa lena nuachtlitir chun coinne\u00e1il suas leis an nuacht agus na himeachta\u00ed is d\u00e9ana\u00ed sa sp\u00e1s foll\u00e1ine seo agus b&#8217;fh\u00e9idir go mbeidh siad in ann taca\u00edochta\u00ed, seirbh\u00eds\u00ed n\u00f3 comhph\u00e1irt\u00edocht a thairiscint maidir leis an m\u00e9id seo a leanas:<\/p>\n\n\n\n<ul class=\"wp-block-list\">\n<li><strong>Ceardlanna Bia Sl\u00e1inti\u00fail n\u00f3 seisi\u00fain eolais am l\u00f3in <\/strong>Is f\u00e9idir leo seo a bheith oideachas\u00fail chun cabhr\u00fa le fostaithe tuiscint a fh\u00e1il ar na bunt\u00e1ist\u00ed a bhaineann le bia sl\u00e1inti\u00fail agus hiodr\u00e1iti\u00fa ceart, agus ar an gcaoi a bhfuil droch-roghanna cothaithe ina bhfacht\u00f3ir riosca m\u00f3r do ghalar ainsealach. Is comhph\u00e1irteanna t\u00e1bhachtacha iad s\u00e1bh\u00e1ilteacht bia agus coth\u00fa cu\u00ed tr\u00edd an gc\u00farsa saoil (\u00f3 thoircheas go h\u00f3ige go seanaois) chun feasacht a mh\u00fascailt. In ionad seisi\u00fain aonuaire, cuir plean fadt\u00e9armach do na seisi\u00fain seo san \u00e1ireamh agus cuir ar chumas fostaithe leas a bhaint as na seisi\u00fain sin tr\u00ed r\u00e9itigh r\u00e9as\u00fanta sceidil n\u00f3 ualach oibre a dh\u00e9anamh.<\/li>\n\n\n\n<li><strong style=\"font-size: 1.375rem; color: initial;\">Acmhainn\u00ed chun tuiscint n\u00edos fearr a chur chun cinn ar na bunt\u00e1ist\u00ed sl\u00e1inte a bhaineann le bia sl\u00e1inti\u00fail<\/strong><span style=\"font-size: 1.375rem; color: initial;\"> \u00c1ir\u00edtear orthu seo p\u00f3staeir, grafaic\u00ed faisn\u00e9ise, f\u00edse\u00e1in, n\u00f3 ailt i nuachtlitreacha cuideachta srl.<\/span><\/li>\n\n\n\n<li><strong>P\u00e1irt a ghlacadh i laethanta feasachta<\/strong> T\u00e1 Seachtain Cothaithe agus Hiodr\u00e1itithe i l\u00e1r mh\u00ed an Mh\u00e1rta, agus is f\u00e9idir leat on\u00f3ir a thabhairt don l\u00e1 ar bheala\u00ed \u00e9ags\u00fala agus t\u00fa ag cur do ghn\u00edomha\u00edochta\u00ed chun cinn i nuachtlitir chuideachta n\u00f3 ar na me\u00e1in sh\u00f3isialta. Cuimhnigh go bhfuil feasacht maidir le bia sl\u00e1inti\u00fail t\u00e1bhachtach an bhliain ar fad!<\/li>\n\n\n\n<li><strong>Cairdeas agus obair foirne<\/strong> Imeachta\u00ed s\u00f3isialta a ionchorpr\u00fa amhail D\u00fashl\u00e1in Bia Sl\u00e1inti\u00fail 30 l\u00e1 agus comhroinnt eolais faoi oidis agus comharchumainn \u00e1iti\u00fala n\u00f3 marga\u00ed feirmeoir\u00ed a spreagadh. Smaoinigh freisin ar urra\u00edocht a dh\u00e9anamh ar ghaird\u00edn pobail n\u00f3 obair dheonach a eagr\u00fa chun sl\u00e1inte a fheabhs\u00fa agus comhth\u00e1th\u00fa a neart\u00fa ar leibh\u00e9al an ionaid oibre agus an phobail araon.<\/li>\n<\/ul>\n<\/div><\/div>\n\n<div class=\"wp-block-pb-accordion-item c-accordion__item js-accordion-item no-js\" data-initially-open=\"false\" data-click-to-close=\"true\" data-auto-close=\"true\" data-scroll=\"true\" data-scroll-offset=\"0\"><h2 id=\"at-12831\" class=\"c-accordion__title js-accordion-controller\" role=\"button\">Leibh\u00e9al cu\u00ed taca\u00edochta<\/h2><div id=\"ac-12831\" class=\"c-accordion__content\">\n<p>T\u00e1 s\u00e9 t\u00e1bhachtach a mheabhr\u00fa go bhfuil c\u00fains\u00ed difri\u00fala ag gach fosta\u00ed. Breathn\u00f3idh bia sl\u00e1inti\u00fail difri\u00fail ag brath ar aoisghr\u00fapa, d&#8217;fh\u00e9adfadh teaghlaigh n\u00f3 gaolta aosta a bheith ag roinnt fostaithe a bhfuil siad ag tabhairt aire d\u00f3ibh agus d&#8217;fh\u00e9adfadh srianta aiste bia \u00e1irithe a bheith ag roinnt fostaithe mar gheall ar riochta\u00ed g\u00e9initeacha n\u00f3 sl\u00e1inte. <\/p>\n\n\n\n<p>T\u00e1 s\u00e9 t\u00e1bhachtach taca\u00edochta\u00ed cuimsitheacha a shol\u00e1thar, treoir a thabhairt chuig acmhainn\u00ed cu\u00ed n\u00f3 nasc a dh\u00e9anamh le rann\u00f3g(a) iomchu\u00ed san ionad oibre (HR, Altra Sl\u00e1inte Ceirde, sol\u00e1thra\u00ed \u00e1rachais srl.) F\u00e9ach freisin \u00e1r Naisc Phobail chun nascadh le heagra\u00edocht a chabhr\u00f3idh le itheach\u00e1n sl\u00e1inti\u00fail a fheabhs\u00fa i d&#8217;ionad oibre a d&#8217;fh\u00e9adfadh a bheith in ann taca\u00edochta\u00ed, seirbh\u00eds\u00ed n\u00f3 comhph\u00e1irt\u00edocht a thairiscint i:<\/p>\n\n\n\n<ul class=\"wp-block-list\">\n<li><strong>Ceardlanna Bia Sl\u00e1inti\u00fail n\u00f3 seisi\u00fain am l\u00f3in <\/strong>Is f\u00e9idir leo seo a bheith bainteach le scileanna, mar shampla conas bia a st\u00f3r\u00e1il agus a ullmh\u00fa go s\u00e1bh\u00e1ilte, leideanna chun cur am\u00fa bia a laghd\u00fa, conas siopad\u00f3ireacht a dh\u00e9anamh agus b\u00e9il\u00ed sl\u00e1inti\u00fala dea-chomhr\u00e9irithe a ullmh\u00fa duit f\u00e9in n\u00f3 do do theaghlach, agus conas lip\u00e9id bhia a l\u00e9amh. In ionad seisi\u00fain aonuaire, cuir plean fadt\u00e9armach do na seisi\u00fain seo san \u00e1ireamh agus cuir ar chumas fostaithe leas a bhaint as na seisi\u00fain seo tr\u00ed r\u00e9itigh r\u00e9as\u00fanta sceidil n\u00f3 ualach oibre a dh\u00e9anamh.<\/li>\n\n\n\n<li><strong style=\"font-size: 1.375rem; color: initial;\">Acmhainn\u00ed chun beala\u00ed a chur chun cinn don fhoireann le tosa\u00edocht a thabhairt do bhia sl\u00e1inti\u00fail<\/strong><span style=\"font-size: 1.375rem; color: initial;\"> Is f\u00e9idir p\u00f3staeir, grafaic faisn\u00e9ise, f\u00edse\u00e1in, n\u00f3 ailt i nuachtlitreacha cuideachta srl. a chur san \u00e1ireamh lena n-\u00e1ir\u00edtear leideanna praitici\u00fala \u00e9ags\u00fala maidir le bia sl\u00e1inti\u00fail.<\/span><\/li>\n\n\n\n<li><strong>Cuimsi\u00fa a chinnti\u00fa.<\/strong> N\u00e1 d\u00e9an dearmad freastal ar fhostaithe cianoibre agus orthu si\u00fad a oibr\u00edonn lasmuigh den l\u00e1thair n\u00f3 a thaisteala\u00edonn mar nach mbeidh siad in ann p\u00f3staeir ar an l\u00e1thair a fheice\u00e1il agus b\u00edonn siad scoite amach \u00f3 chomhr\u00e1ite foirmi\u00fala agus neamhfhoirmi\u00fala. Braitheann na fostaithe seo scoite amach agus mar sin ba ch\u00f3ir socruithe speisialta a dh\u00e9anamh.<\/li>\n\n\n\n<li><strong>Foll\u00e1ine ioml\u00e1na\u00edoch a chomhth\u00e1th\u00fa<\/strong> F\u00e9ach ar conas is f\u00e9idir leat r\u00e9ims\u00ed foll\u00e1ine eile cos\u00fail le Meabhairshl\u00e1inte, Caitheamh Tobac agus Alc\u00f3l agus Druga\u00ed a chomhth\u00e1th\u00fa mar is f\u00e9idir le strus agus substaint\u00ed tocsaineacha bac a chur ar do ch\u00f3ras d\u00edle\u00e1 agus ions\u00fa cothaithigh riachtanacha a laghd\u00fa, agus is f\u00e9idir le aiste bia sl\u00e1inti\u00fail d&#8217;fhrithsheasmhacht i gcoinne tinnis mheabhrach agus choirp agus struis a fheabhs\u00fa.<\/li>\n<\/ul>\n<\/div><\/div>\n","protected":false},"excerpt":{"rendered":"<p>Is d\u00f3cha go nd\u00edreoidh do thionscnaimh foll\u00e1ine ar an leibh\u00e9al aonair ar fheasacht a mh\u00fascailt agus\/n\u00f3 scileanna a th\u00f3g\u00e1il chun an r\u00e9imse foll\u00e1ine seo a bhainisti\u00fa.<\/p>\n","protected":false},"featured_media":0,"parent":2823,"menu_order":40,"template":"","meta":{"_acf_changed":false,"inline_featured_image":false,"_monsterinsights_skip_tracking":false,"_monsterinsights_sitenote_active":false,"_monsterinsights_sitenote_note":"","_monsterinsights_sitenote_category":0,"_EventAllDay":false,"_EventTimezone":"","_EventStartDate":"","_EventEndDate":"","_EventStartDateUTC":"","_EventEndDateUTC":"","_EventShowMap":false,"_EventShowMapLink":false,"_EventURL":"","_EventCost":"","_EventCostDescription":"","_EventCurrencySymbol":"","_EventCurrencyCode":"","_EventCurrencyPosition":"","_EventDateTimeSeparator":"","_EventTimeRangeSeparator":"","_EventOrganizerID":[],"_EventVenueID":[],"_OrganizerEmail":"","_OrganizerPhone":"","_OrganizerWebsite":"","_VenueAddress":"","_VenueCity":"","_VenueCountry":"","_VenueProvince":"","_VenueState":"","_VenueZip":"","_VenuePhone":"","_VenueURL":"","_VenueStateProvince":"","_VenueLat":"","_VenueLng":"","_VenueShowMap":false,"_VenueShowMapLink":false,"footnotes":""},"class_list":["post-2845","areas","type-areas","status-publish","hentry"],"acf":[],"yoast_head":"<!-- This site is optimized with the Yoast SEO plugin v27.4 - https:\/\/yoast.com\/product\/yoast-seo-wordpress\/ -->\n<title>Gn\u00edomha\u00edochta\u00ed ar leibh\u00e9al aonair - Healthy Workplace Ireland<\/title>\n<meta name=\"description\" content=\"Is d\u00f3cha go nd\u00edreoidh do thionscnaimh foll\u00e1ine ar an leibh\u00e9al aonair ar fheasacht a mh\u00fascailt agus\/n\u00f3 scileanna a th\u00f3g\u00e1il chun an r\u00e9imse foll\u00e1ine seo a bhainisti\u00fa.\" \/>\n<meta name=\"robots\" content=\"index, follow, max-snippet:-1, max-image-preview:large, max-video-preview:-1\" \/>\n<link rel=\"canonical\" href=\"https:\/\/healthyworkplace.ie\/ga\/areas\/reimsi-follaine\/bia-slaintiuil\/gniomhaiochtai-ar-leibheal-aonair\/\" \/>\n<meta property=\"og:locale\" content=\"ga_IE\" \/>\n<meta property=\"og:type\" content=\"article\" \/>\n<meta property=\"og:title\" content=\"Gn\u00edomha\u00edochta\u00ed ar leibh\u00e9al aonair - Healthy Workplace Ireland\" \/>\n<meta property=\"og:description\" content=\"Is d\u00f3cha go nd\u00edreoidh do thionscnaimh foll\u00e1ine ar an leibh\u00e9al aonair ar fheasacht a mh\u00fascailt agus\/n\u00f3 scileanna a th\u00f3g\u00e1il chun an r\u00e9imse foll\u00e1ine seo a bhainisti\u00fa.\" \/>\n<meta property=\"og:url\" content=\"https:\/\/healthyworkplace.ie\/ga\/areas\/reimsi-follaine\/bia-slaintiuil\/gniomhaiochtai-ar-leibheal-aonair\/\" \/>\n<meta property=\"og:site_name\" content=\"Healthy Workplace Ireland\" \/>\n<meta property=\"article:modified_time\" content=\"2023-05-15T15:56:45+00:00\" \/>\n<meta name=\"twitter:card\" content=\"summary_large_image\" \/>\n<meta name=\"twitter:label1\" content=\"Est. reading time\" \/>\n\t<meta name=\"twitter:data1\" content=\"5 minutes\" \/>\n<script type=\"application\/ld+json\" class=\"yoast-schema-graph\">{\"@context\":\"https:\\\/\\\/schema.org\",\"@graph\":[{\"@type\":\"WebPage\",\"@id\":\"https:\\\/\\\/healthyworkplace.ie\\\/ga\\\/areas\\\/reimsi-follaine\\\/bia-slaintiuil\\\/gniomhaiochtai-ar-leibheal-aonair\\\/\",\"url\":\"https:\\\/\\\/healthyworkplace.ie\\\/ga\\\/areas\\\/reimsi-follaine\\\/bia-slaintiuil\\\/gniomhaiochtai-ar-leibheal-aonair\\\/\",\"name\":\"Gn\u00edomha\u00edochta\u00ed ar leibh\u00e9al aonair - Healthy Workplace Ireland\",\"isPartOf\":{\"@id\":\"https:\\\/\\\/healthyworkplace.ie\\\/ga\\\/#website\"},\"datePublished\":\"2022-12-14T09:16:17+00:00\",\"dateModified\":\"2023-05-15T15:56:45+00:00\",\"description\":\"Is d\u00f3cha go nd\u00edreoidh do thionscnaimh foll\u00e1ine ar an leibh\u00e9al aonair ar fheasacht a mh\u00fascailt agus\\\/n\u00f3 scileanna a th\u00f3g\u00e1il chun an r\u00e9imse foll\u00e1ine seo a bhainisti\u00fa.\",\"breadcrumb\":{\"@id\":\"https:\\\/\\\/healthyworkplace.ie\\\/ga\\\/areas\\\/reimsi-follaine\\\/bia-slaintiuil\\\/gniomhaiochtai-ar-leibheal-aonair\\\/#breadcrumb\"},\"inLanguage\":\"ga-IE\",\"potentialAction\":[{\"@type\":\"ReadAction\",\"target\":[\"https:\\\/\\\/healthyworkplace.ie\\\/ga\\\/areas\\\/reimsi-follaine\\\/bia-slaintiuil\\\/gniomhaiochtai-ar-leibheal-aonair\\\/\"]}]},{\"@type\":\"BreadcrumbList\",\"@id\":\"https:\\\/\\\/healthyworkplace.ie\\\/ga\\\/areas\\\/reimsi-follaine\\\/bia-slaintiuil\\\/gniomhaiochtai-ar-leibheal-aonair\\\/#breadcrumb\",\"itemListElement\":[{\"@type\":\"ListItem\",\"position\":1,\"name\":\"Baile\",\"item\":\"https:\\\/\\\/healthyworkplace.ie\\\/ga\\\/\"},{\"@type\":\"ListItem\",\"position\":2,\"name\":\"Foll\u00e1ine san Obair\",\"item\":\"https:\\\/\\\/healthyworkplace.ie\\\/ga\\\/areas\\\/\"},{\"@type\":\"ListItem\",\"position\":3,\"name\":\"R\u00e9ims\u00ed Foll\u00e1ine\",\"item\":\"https:\\\/\\\/healthyworkplace.ie\\\/ga\\\/areas\\\/reimsi-follaine\\\/\"},{\"@type\":\"ListItem\",\"position\":4,\"name\":\"Bia Sl\u00e1inti\u00fail\",\"item\":\"https:\\\/\\\/healthyworkplace.ie\\\/ga\\\/areas\\\/wellbeing-areas\\\/healthy-eating\\\/\"},{\"@type\":\"ListItem\",\"position\":5,\"name\":\"Gn\u00edomha\u00edochta\u00ed ar leibh\u00e9al aonair\"}]},{\"@type\":\"WebSite\",\"@id\":\"https:\\\/\\\/healthyworkplace.ie\\\/ga\\\/#website\",\"url\":\"https:\\\/\\\/healthyworkplace.ie\\\/ga\\\/\",\"name\":\"Healthy Ireland @ Work\",\"description\":\"Sl\u00e1inte agus foll\u00e1ine oibrithe a chur chun cinn laistigh de gach ionad oibre\",\"publisher\":{\"@id\":\"https:\\\/\\\/healthyworkplace.ie\\\/ga\\\/#organization\"},\"alternateName\":\"Healthy Workplace\",\"potentialAction\":[{\"@type\":\"SearchAction\",\"target\":{\"@type\":\"EntryPoint\",\"urlTemplate\":\"https:\\\/\\\/healthyworkplace.ie\\\/ga\\\/?s={search_term_string}\"},\"query-input\":{\"@type\":\"PropertyValueSpecification\",\"valueRequired\":true,\"valueName\":\"search_term_string\"}}],\"inLanguage\":\"ga-IE\"},{\"@type\":\"Organization\",\"@id\":\"https:\\\/\\\/healthyworkplace.ie\\\/ga\\\/#organization\",\"name\":\"Healthy Workplace Ireland\",\"url\":\"https:\\\/\\\/healthyworkplace.ie\\\/ga\\\/\",\"logo\":{\"@type\":\"ImageObject\",\"inLanguage\":\"ga-IE\",\"@id\":\"https:\\\/\\\/healthyworkplace.ie\\\/ga\\\/#\\\/schema\\\/logo\\\/image\\\/\",\"url\":\"https:\\\/\\\/healthyworkplace.ie\\\/wp-content\\\/uploads\\\/2022\\\/06\\\/healthyucd-HealthyIreland3.png\",\"contentUrl\":\"https:\\\/\\\/healthyworkplace.ie\\\/wp-content\\\/uploads\\\/2022\\\/06\\\/healthyucd-HealthyIreland3.png\",\"width\":150,\"height\":150,\"caption\":\"Healthy Workplace Ireland\"},\"image\":{\"@id\":\"https:\\\/\\\/healthyworkplace.ie\\\/ga\\\/#\\\/schema\\\/logo\\\/image\\\/\"}}]}<\/script>\n<!-- \/ Yoast SEO plugin. -->","yoast_head_json":{"title":"Gn\u00edomha\u00edochta\u00ed ar leibh\u00e9al aonair - Healthy Workplace Ireland","description":"Is d\u00f3cha go nd\u00edreoidh do thionscnaimh foll\u00e1ine ar an leibh\u00e9al aonair ar fheasacht a mh\u00fascailt agus\/n\u00f3 scileanna a th\u00f3g\u00e1il chun an r\u00e9imse foll\u00e1ine seo a bhainisti\u00fa.","robots":{"index":"index","follow":"follow","max-snippet":"max-snippet:-1","max-image-preview":"max-image-preview:large","max-video-preview":"max-video-preview:-1"},"canonical":"https:\/\/healthyworkplace.ie\/ga\/areas\/reimsi-follaine\/bia-slaintiuil\/gniomhaiochtai-ar-leibheal-aonair\/","og_locale":"ga_IE","og_type":"article","og_title":"Gn\u00edomha\u00edochta\u00ed ar leibh\u00e9al aonair - Healthy Workplace Ireland","og_description":"Is d\u00f3cha go nd\u00edreoidh do thionscnaimh foll\u00e1ine ar an leibh\u00e9al aonair ar fheasacht a mh\u00fascailt agus\/n\u00f3 scileanna a th\u00f3g\u00e1il chun an r\u00e9imse foll\u00e1ine seo a bhainisti\u00fa.","og_url":"https:\/\/healthyworkplace.ie\/ga\/areas\/reimsi-follaine\/bia-slaintiuil\/gniomhaiochtai-ar-leibheal-aonair\/","og_site_name":"Healthy Workplace Ireland","article_modified_time":"2023-05-15T15:56:45+00:00","twitter_card":"summary_large_image","twitter_misc":{"Est. reading time":"5 minutes"},"schema":{"@context":"https:\/\/schema.org","@graph":[{"@type":"WebPage","@id":"https:\/\/healthyworkplace.ie\/ga\/areas\/reimsi-follaine\/bia-slaintiuil\/gniomhaiochtai-ar-leibheal-aonair\/","url":"https:\/\/healthyworkplace.ie\/ga\/areas\/reimsi-follaine\/bia-slaintiuil\/gniomhaiochtai-ar-leibheal-aonair\/","name":"Gn\u00edomha\u00edochta\u00ed ar leibh\u00e9al aonair - Healthy Workplace Ireland","isPartOf":{"@id":"https:\/\/healthyworkplace.ie\/ga\/#website"},"datePublished":"2022-12-14T09:16:17+00:00","dateModified":"2023-05-15T15:56:45+00:00","description":"Is d\u00f3cha go nd\u00edreoidh do thionscnaimh foll\u00e1ine ar an leibh\u00e9al aonair ar fheasacht a mh\u00fascailt agus\/n\u00f3 scileanna a th\u00f3g\u00e1il chun an r\u00e9imse foll\u00e1ine seo a bhainisti\u00fa.","breadcrumb":{"@id":"https:\/\/healthyworkplace.ie\/ga\/areas\/reimsi-follaine\/bia-slaintiuil\/gniomhaiochtai-ar-leibheal-aonair\/#breadcrumb"},"inLanguage":"ga-IE","potentialAction":[{"@type":"ReadAction","target":["https:\/\/healthyworkplace.ie\/ga\/areas\/reimsi-follaine\/bia-slaintiuil\/gniomhaiochtai-ar-leibheal-aonair\/"]}]},{"@type":"BreadcrumbList","@id":"https:\/\/healthyworkplace.ie\/ga\/areas\/reimsi-follaine\/bia-slaintiuil\/gniomhaiochtai-ar-leibheal-aonair\/#breadcrumb","itemListElement":[{"@type":"ListItem","position":1,"name":"Baile","item":"https:\/\/healthyworkplace.ie\/ga\/"},{"@type":"ListItem","position":2,"name":"Foll\u00e1ine san Obair","item":"https:\/\/healthyworkplace.ie\/ga\/areas\/"},{"@type":"ListItem","position":3,"name":"R\u00e9ims\u00ed Foll\u00e1ine","item":"https:\/\/healthyworkplace.ie\/ga\/areas\/reimsi-follaine\/"},{"@type":"ListItem","position":4,"name":"Bia Sl\u00e1inti\u00fail","item":"https:\/\/healthyworkplace.ie\/ga\/areas\/wellbeing-areas\/healthy-eating\/"},{"@type":"ListItem","position":5,"name":"Gn\u00edomha\u00edochta\u00ed ar leibh\u00e9al aonair"}]},{"@type":"WebSite","@id":"https:\/\/healthyworkplace.ie\/ga\/#website","url":"https:\/\/healthyworkplace.ie\/ga\/","name":"Healthy Ireland @ Work","description":"Sl\u00e1inte agus foll\u00e1ine oibrithe a chur chun cinn laistigh de gach ionad oibre","publisher":{"@id":"https:\/\/healthyworkplace.ie\/ga\/#organization"},"alternateName":"Healthy Workplace","potentialAction":[{"@type":"SearchAction","target":{"@type":"EntryPoint","urlTemplate":"https:\/\/healthyworkplace.ie\/ga\/?s={search_term_string}"},"query-input":{"@type":"PropertyValueSpecification","valueRequired":true,"valueName":"search_term_string"}}],"inLanguage":"ga-IE"},{"@type":"Organization","@id":"https:\/\/healthyworkplace.ie\/ga\/#organization","name":"Healthy Workplace Ireland","url":"https:\/\/healthyworkplace.ie\/ga\/","logo":{"@type":"ImageObject","inLanguage":"ga-IE","@id":"https:\/\/healthyworkplace.ie\/ga\/#\/schema\/logo\/image\/","url":"https:\/\/healthyworkplace.ie\/wp-content\/uploads\/2022\/06\/healthyucd-HealthyIreland3.png","contentUrl":"https:\/\/healthyworkplace.ie\/wp-content\/uploads\/2022\/06\/healthyucd-HealthyIreland3.png","width":150,"height":150,"caption":"Healthy Workplace Ireland"},"image":{"@id":"https:\/\/healthyworkplace.ie\/ga\/#\/schema\/logo\/image\/"}}]}},"_links":{"self":[{"href":"https:\/\/healthyworkplace.ie\/ga\/wp-json\/wp\/v2\/areas\/2845","targetHints":{"allow":["GET"]}}],"collection":[{"href":"https:\/\/healthyworkplace.ie\/ga\/wp-json\/wp\/v2\/areas"}],"about":[{"href":"https:\/\/healthyworkplace.ie\/ga\/wp-json\/wp\/v2\/types\/areas"}],"version-history":[{"count":5,"href":"https:\/\/healthyworkplace.ie\/ga\/wp-json\/wp\/v2\/areas\/2845\/revisions"}],"predecessor-version":[{"id":3236,"href":"https:\/\/healthyworkplace.ie\/ga\/wp-json\/wp\/v2\/areas\/2845\/revisions\/3236"}],"up":[{"embeddable":true,"href":"https:\/\/healthyworkplace.ie\/ga\/wp-json\/wp\/v2\/areas\/2823"}],"wp:attachment":[{"href":"https:\/\/healthyworkplace.ie\/ga\/wp-json\/wp\/v2\/media?parent=2845"}],"curies":[{"name":"wp","href":"https:\/\/api.w.org\/{rel}","templated":true}]}}