{"id":2849,"date":"2022-12-13T17:16:21","date_gmt":"2022-12-13T17:16:21","guid":{"rendered":"https:\/\/healthyworkplace.ie\/areas\/reimsi-follaine\/gniomhaiocht-choirp\/"},"modified":"2023-05-15T16:58:14","modified_gmt":"2023-05-15T15:58:14","slug":"gniomhaiocht-choirp","status":"publish","type":"areas","link":"https:\/\/healthyworkplace.ie\/ga\/areas\/reimsi-follaine\/gniomhaiocht-choirp\/","title":{"rendered":"Gn\u00edomha\u00edocht Choirp"},"content":{"rendered":"\n<p>Nuair a bh\u00edonn lucht saothair gn\u00edomhach go rialta b\u00edonn baol \u00edslithe ann go dtarl\u00f3idh riochta\u00ed ainsealacha cos\u00fail le taom cro\u00ed, str\u00f3c agus diaib\u00e9iteas. L\u00e9ir\u00edtear freisin go gcabhra\u00edonn acla\u00edocht maidir le gi\u00famar agus patr\u00fain chodlata a fheabhs\u00fa. <\/p>\n\n<p>T\u00e1 go leor oibrithe in \u00c9irinn i mbun oibre a cheangla\u00edonn orthu a bheith ina su\u00ed den chuid is m\u00f3 agus mar sin t\u00e1 s\u00e9 t\u00e1bhachtach spreagadh a thabhairt do d&#8217;fhoireann bogadh thart le linn a n-uaireanta oibre. T\u00e1 s\u00e9 de chumas ag lucht saothair a bhfuil riosca\u00ed laghdaithe galair agus breoiteachta, gi\u00famar feabhsaithe, agus codladh agus feidhmi\u00falacht n\u00edos fearr aige iliomad tairbh\u00ed a bhaint amach:<\/p>\n\n<ul class=\"wp-block-list\">\n<li>T\u00e1irgi\u00falacht, nu\u00e1la\u00edocht agus cruthaitheacht n\u00edos fearr<\/li>\n\n\n\n<li>Spreagadh n\u00edos m\u00f3 agus cumis n\u00edos fearr fadhbanna a r\u00e9iteach<\/li>\n\n\n\n<li>N\u00edos m\u00f3 d\u00edlseachta don eagra\u00edocht<\/li>\n\n\n\n<li>Comhth\u00e1th\u00fa n\u00edos m\u00f3 san ionad oibre agus spiorad foirne n\u00edos l\u00e1idre<\/li>\n\n\n\n<li>Neamhl\u00e1ithreacht laghdaithe<\/li>\n\n\n\n<li>Costais \u00e1rachais laghdaithe<\/li>\n\n\n\n<li>Timpeallacht shl\u00e1inti\u00fail, shona agus rath\u00fail san ionad oibre<\/li>\n<\/ul>\n\n<p>Ina theannta sin, feabhs\u00f3idh tiomantas do shl\u00e1inte d&#8217;fhostaithe d&#8217;\u00edomh\u00e1 phoibl\u00ed agus do dheiseanna earca\u00edochta agus coinne\u00e1la.<\/p>\n\n<p>Seo c\u00fapla acmhainn gasta duit chun t\u00fas a chur leis:<\/p>\n<section>\n  <div class=\"row posts areas row-cols-1 row-cols-md-2 row-cols-xl-2 g-4 mb-5\">\n     <div class=\"col\">\n   <article class=\"card border-tertiary post-2468 resources type-resources status-publish hentry resource_categories-other-physical-activity-resources\">\n      <div class=\"card-body pt-4 px-5\">\n    <h2 class=\"entry-title h3 card-title pb-3\">\n      <a href=\"https:\/\/healthyworkplace.ie\/ga\/resources\/get-active-your-way\/\" class=\"link-primary text-decoration-none \">\n      Get Active Your Way!\n      <\/a>\n    <\/h2>\n    <p class=\"card-meta text-dark d-none\">\n    <time class=\"updated\" datetime=\"2023-04-04T22:30:57+00:00\">\n  04\/04\/2023\n<\/time>\n\n\n<meta itemprop=\"author\" content=\"Healthy Workplace\" \/>\n    \n    <\/p>\n\n    <div class=\"entry-summary card-text\"><p>A valuable resource developed by Get Ireland Active and Healthy Ireland to help get you feeling and looking good by being active.<\/p>\n<\/div>\n  <\/div>\n  <div class=\"card-footer py-0 pb-2 px-5 border-0 bg-transparent\">\n    <p class=\"card-links\">\n                  <a class=\"me-2 my-1 btn btn-sm btn-outline-secondary\" href=\"https:\/\/www.healthpromotion.ie\/media\/documents\/HPM00542.pdf\" target=\"_blank\"\n      rel=\"noreferrer noopener\"\n      title=\"Get Active Your Way!\"\n      data-bs-toggle=\"tooltip\">\n        <span class=\"me-1\">Visit<\/span>\n                  <svg class=\"icon icon-box-arrow-up-right sw-1 mb-1 \" >\n  <use xlink:href=\"https:\/\/healthyworkplace.ie\/wp-content\/themes\/healthyworkplace-theme\/symbol-defs.svg#icon-box-arrow-up-right\"><\/use>\n<\/svg>\n              <\/a>\n    \n        <\/p>\n    <\/div>\n<\/article>\n  <\/div>\n     <div class=\"col\">\n   <article class=\"card border-tertiary post-1866 resources type-resources status-publish hentry resource_categories-other-physical-activity-resources\">\n      <div class=\"card-body pt-4 px-5\">\n    <h2 class=\"entry-title h3 card-title pb-3\">\n      <a href=\"https:\/\/healthyworkplace.ie\/ga\/resources\/irish-heart-foundation-escape-your-chair-challenge\/\" class=\"link-primary text-decoration-none \">\n      Escape Your Chair Challenge\n      <\/a>\n    <\/h2>\n    <p class=\"card-meta text-dark d-none\">\n    <time class=\"updated\" datetime=\"2023-01-31T15:54:09+00:00\">\n  31\/01\/2023\n<\/time>\n\n\n<meta itemprop=\"author\" content=\"Healthy Workplace\" \/>\n    \n    <\/p>\n\n    <div class=\"entry-summary card-text\"><p>The Irish Heart Foundation is asking people to take on a challenge for one month and break-up their sitting time during the working day. Challenge yourself to move for just one minute in every hour that you are working.<\/p>\n<\/div>\n  <\/div>\n  <div class=\"card-footer py-0 pb-2 px-5 border-0 bg-transparent\">\n    <p class=\"card-links\">\n                  <a class=\"me-2 my-1 btn btn-sm btn-outline-secondary\" href=\"https:\/\/irishheart.ie\/campaigns\/escape-your-chair\/escape-your-chair-challenge\/\" target=\"_blank\"\n      rel=\"noreferrer noopener\"\n      title=\"Physical activity programmes and resources for desk workers\"\n      data-bs-toggle=\"tooltip\">\n        <span class=\"me-1\">Visit<\/span>\n                  <svg class=\"icon icon-box-arrow-up-right sw-1 mb-1 \" >\n  <use xlink:href=\"https:\/\/healthyworkplace.ie\/wp-content\/themes\/healthyworkplace-theme\/symbol-defs.svg#icon-box-arrow-up-right\"><\/use>\n<\/svg>\n              <\/a>\n    \n        <\/p>\n    <\/div>\n<\/article>\n  <\/div>\n     <div class=\"col\">\n   <article class=\"card border-tertiary post-1537 resources type-resources status-publish hentry resource_categories-raise-awareness-individual-level-activities-physical-activity resource_categories-physical-activity-links\">\n      <div class=\"card-body pt-4 px-5\">\n    <h2 class=\"entry-title h3 card-title pb-3\">\n      <a href=\"https:\/\/healthyworkplace.ie\/ga\/resources\/irish-heart-foundation-how-to-keep-your-heart-healthy\/\" class=\"link-primary text-decoration-none \">\n      Irish Heart Foundation\n      <\/a>\n    <\/h2>\n    <p class=\"card-meta text-dark d-none\">\n    <time class=\"updated\" datetime=\"2022-12-14T22:22:19+00:00\">\n  14\/12\/2022\n<\/time>\n\n\n<meta itemprop=\"author\" content=\"Healthy Workplace\" \/>\n    \n    <\/p>\n\n    <div class=\"entry-summary card-text\"><p>Our mission is to eliminate preventable death and disability from heart disease and stroke and to support and care for those living with these life-changing conditions.<\/p>\n<\/div>\n  <\/div>\n  <div class=\"card-footer py-0 pb-2 px-5 border-0 bg-transparent\">\n    <p class=\"card-links\">\n                  <a class=\"me-2 my-1 btn btn-sm btn-outline-secondary\" href=\"https:\/\/irishheart.ie\/how-to-keep-your-heart-healthy\/be-active\/\" target=\"_blank\"\n      rel=\"noreferrer noopener\"\n      title=\"how to keep your heart healthy\"\n      data-bs-toggle=\"tooltip\">\n        <span class=\"me-1\">Visit<\/span>\n                  <svg class=\"icon icon-box-arrow-up-right sw-1 mb-1 \" >\n  <use xlink:href=\"https:\/\/healthyworkplace.ie\/wp-content\/themes\/healthyworkplace-theme\/symbol-defs.svg#icon-box-arrow-up-right\"><\/use>\n<\/svg>\n              <\/a>\n    \n        <\/p>\n    <\/div>\n<\/article>\n  <\/div>\n     <div class=\"col\">\n   <article class=\"card border-tertiary post-1531 resources type-resources status-publish hentry resource_categories-national-policies-organisation-level-activities-physical-activity\">\n      <div class=\"card-body pt-4 px-5\">\n    <h2 class=\"entry-title h3 card-title pb-3\">\n      <a href=\"https:\/\/healthyworkplace.ie\/ga\/resources\/get-ireland-walking\/\" class=\"link-primary text-decoration-none \">\n      Get Ireland Walking\n      <\/a>\n    <\/h2>\n    <p class=\"card-meta text-dark d-none\">\n    <time class=\"updated\" datetime=\"2022-12-14T22:19:23+00:00\">\n  14\/12\/2022\n<\/time>\n\n\n<meta itemprop=\"author\" content=\"Healthy Workplace\" \/>\n    \n    <\/p>\n\n    <div class=\"entry-summary card-text\"><p>Get Ireland Walking is a national initiative that aims to maximise the number of people participating in walking &#8211; for health, wellbeing and fitness &#8211; throughout Ireland.<\/p>\n<\/div>\n  <\/div>\n  <div class=\"card-footer py-0 pb-2 px-5 border-0 bg-transparent\">\n    <p class=\"card-links\">\n                  <a class=\"me-2 my-1 btn btn-sm btn-outline-secondary\" href=\"https:\/\/www.getirelandwalking.ie\/\" target=\"_blank\"\n      rel=\"noreferrer noopener\"\n      title=\"Get Ireland Walking\"\n      data-bs-toggle=\"tooltip\">\n        <span class=\"me-1\">Visit<\/span>\n                  <svg class=\"icon icon-box-arrow-up-right sw-1 mb-1 \" >\n  <use xlink:href=\"https:\/\/healthyworkplace.ie\/wp-content\/themes\/healthyworkplace-theme\/symbol-defs.svg#icon-box-arrow-up-right\"><\/use>\n<\/svg>\n              <\/a>\n    \n        <\/p>\n    <\/div>\n<\/article>\n  <\/div>\n     <div class=\"col\">\n   <article class=\"card border-tertiary post-1515 resources type-resources status-publish hentry resource_categories-national-policies-organisation-level-activities-physical-activity\">\n      <div class=\"card-body pt-4 px-5\">\n    <h2 class=\"entry-title h3 card-title pb-3\">\n      <a href=\"https:\/\/healthyworkplace.ie\/ga\/resources\/get-ireland-active\/\" class=\"link-primary text-decoration-none \">\n      Get Ireland Active!\n      <\/a>\n    <\/h2>\n    <p class=\"card-meta text-dark d-none\">\n    <time class=\"updated\" datetime=\"2022-12-14T21:47:25+00:00\">\n  14\/12\/2022\n<\/time>\n\n\n<meta itemprop=\"author\" content=\"Healthy Workplace\" \/>\n    \n    <\/p>\n\n    <div class=\"entry-summary card-text\"><p>The aim of the National Physical Activity Plan is to increase physical activity levels across the whole population. It aims to create a society which facilitates people whether at home at work or at play to lead an active way &hellip;<\/p>\n<\/div>\n  <\/div>\n  <div class=\"card-footer py-0 pb-2 px-5 border-0 bg-transparent\">\n    <p class=\"card-links\">\n                  <a class=\"me-2 my-1 btn btn-sm btn-outline-secondary\" href=\"https:\/\/www.getirelandactive.ie\/\" target=\"_blank\"\n      rel=\"noreferrer noopener\"\n      title=\"Get Ireland Active!\"\n      data-bs-toggle=\"tooltip\">\n        <span class=\"me-1\">Visit<\/span>\n                  <svg class=\"icon icon-box-arrow-up-right sw-1 mb-1 \" >\n  <use xlink:href=\"https:\/\/healthyworkplace.ie\/wp-content\/themes\/healthyworkplace-theme\/symbol-defs.svg#icon-box-arrow-up-right\"><\/use>\n<\/svg>\n              <\/a>\n    \n        <\/p>\n    <\/div>\n<\/article>\n  <\/div>\n     <div class=\"col\">\n   <article class=\"card border-tertiary post-1506 resources type-resources status-publish hentry resource_categories-physical-activity-links resource_categories-supportive-work-environment-organisation-level-activities-physical-activity\">\n      <div class=\"card-body pt-4 px-5\">\n    <h2 class=\"entry-title h3 card-title pb-3\">\n      <a href=\"https:\/\/healthyworkplace.ie\/ga\/resources\/cara\/\" class=\"link-primary text-decoration-none \">\n      CARA\n      <\/a>\n    <\/h2>\n    <p class=\"card-meta text-dark d-none\">\n    <time class=\"updated\" datetime=\"2022-12-14T21:44:57+00:00\">\n  14\/12\/2022\n<\/time>\n\n\n<meta itemprop=\"author\" content=\"Healthy Workplace\" \/>\n    \n    <\/p>\n\n    <div class=\"entry-summary card-text\"><p>Cara is a national pan-disability sport organisation providing a collaborative and partnership platform to increase sport and physical activity opportunities for people with disabilities across Ireland.<\/p>\n<\/div>\n  <\/div>\n  <div class=\"card-footer py-0 pb-2 px-5 border-0 bg-transparent\">\n    <p class=\"card-links\">\n                  <a class=\"me-2 my-1 btn btn-sm btn-outline-secondary\" href=\"https:\/\/caracentre.ie\/\" target=\"_blank\"\n      rel=\"noreferrer noopener\"\n      title=\"CARA\"\n      data-bs-toggle=\"tooltip\">\n        <span class=\"me-1\">Visit<\/span>\n                  <svg class=\"icon icon-box-arrow-up-right sw-1 mb-1 \" >\n  <use xlink:href=\"https:\/\/healthyworkplace.ie\/wp-content\/themes\/healthyworkplace-theme\/symbol-defs.svg#icon-box-arrow-up-right\"><\/use>\n<\/svg>\n              <\/a>\n    \n        <\/p>\n    <\/div>\n<\/article>\n  <\/div>\n    <\/div> <!-- \/ row posts -->\n<\/section>\n\n\n<p>C\u00e9 go bhfuil na hacmhainn\u00ed seo ina gcuidi\u00fa chun t\u00fas a chur leis, t\u00e1 s\u00e9 an-t\u00e1bhachtach do ghn\u00edomha\u00edochta\u00ed foll\u00e1ine san ionad oibre a phlean\u00e1il go c\u00faramach. L\u00e9ir\u00edonn taighde gur cheart do gach gn\u00edomha\u00edocht a dh\u00edr\u00edonn ar an bhfosta\u00ed aonair a chomhcheangal le gn\u00edomha\u00edochta\u00ed ar leibh\u00e9al na heagra\u00edochta. I bhfocail eile, ba cheart duit bearta a ghlacadh i gc\u00f3na\u00ed chun timpeallacht eagra\u00edocht\u00fail thac\u00fail a chruth\u00fa in \u00e9ineacht le taca\u00edochta\u00ed at\u00e1 d\u00edrithe ar st\u00edl mhaireacht\u00e1la do d\u2019fhostaithe. T\u00e1 comhairle mhionsonraithe curtha ar f\u00e1il againn maidir leis an mbealach is fearr do ghn\u00edomha\u00edochta\u00ed a phlean\u00e1il ag an d\u00e1 leibh\u00e9al seo.<\/p>\n<section>\n<div class=\"row posts areas row-cols-1 row-cols-md-1 row-cols-xl-1 g-4 mb-5\">\n     <div class=\"col\">\n  <article class=\"card post-3007 areas type-areas status-publish has-post-thumbnail hentry\">\n  <div class=\"card-body py-5 px-5\">\n    <div class=\"row\">\n            <div class=\"col-3 col-md-4 col-lg-3\">\n      <figure class=\"float-start figure-icon\">\n        <img loading=\"lazy\" decoding=\"async\" width=\"576\" height=\"1\" src=\"https:\/\/healthyworkplace.ie\/wp-content\/uploads\/2022\/09\/Firststeps-area-figure-orange-tshirt-cap-1.svg\" class=\"img-fluid wp-post-image\" alt=\"First steps area figure with orange t-shirt and green cap\" \/>      <\/figure>\n    <\/div>\n    <div class=\"col-9 col-md-12 col-lg-9\">\n        <h2 class=\"entry-title h3 card-title mt-0\">\n      <a href=\"https:\/\/healthyworkplace.ie\/ga\/areas\/na-chead-cheimeanna\/\" class=\"stretched-link link-primary text-decoration-none\">\n      Na ch\u00e9ad ch\u00e9imeanna\n      <\/a>\n    <\/h2>\n    <p class=\"d-none\">\n    <time class=\"updated\" datetime=\"2022-09-21T14:14:04+00:00\">\n  21\/09\/2022\n<\/time>\n\n\n<meta itemprop=\"author\" content=\"Healthy Workplace\" \/>\n    <\/p>\n\n        <div class=\"entry-summary card-text pt-3\"><p>Treoracha mionsonraithe c\u00e9im ar ch\u00e9im maidir le conas an Creat um Ionad Oibre Sl\u00e1inti\u00fail a chur i bhfeidhm i d\u2019ionad oibre \u00f3n mbun\u00fas agus n\u00edos faide anonn.<\/p>\n<\/div>\n      <\/div>\n    <\/div>\n  <\/div>\n<\/article>\n  <\/div>\n     <div class=\"col\">\n  <article class=\"card post-3208 areas type-areas status-publish has-post-thumbnail hentry\">\n  <div class=\"card-body py-5 px-5\">\n    <div class=\"row\">\n            <div class=\"col-3 col-md-4 col-lg-3\">\n      <figure class=\"float-start figure-icon\">\n        <img loading=\"lazy\" decoding=\"async\" width=\"576\" height=\"1\" src=\"https:\/\/healthyworkplace.ie\/wp-content\/uploads\/2022\/11\/Training-area-figure-grey-hair-glasses.svg\" class=\"img-fluid wp-post-image\" alt=\"Training Area Figure-\" \/>      <\/figure>\n    <\/div>\n    <div class=\"col-9 col-md-12 col-lg-9\">\n        <h2 class=\"entry-title h3 card-title mt-0\">\n      <a href=\"https:\/\/healthyworkplace.ie\/ga\/areas\/oiliuint-agus-oideachas\/\" class=\"stretched-link link-primary text-decoration-none\">\n      Oili\u00faint agus Oideachas\n      <\/a>\n    <\/h2>\n    <p class=\"d-none\">\n    <time class=\"updated\" datetime=\"2022-11-22T17:44:05+00:00\">\n  22\/11\/2022\n<\/time>\n\n\n<meta itemprop=\"author\" content=\"Healthy Workplace\" \/>\n    <\/p>\n\n        <div class=\"entry-summary card-text pt-3\"><p>Cuir feabhas ar do thuiscint agus uas-scil do dhinti\u00fair le hoili\u00faint agus oideachas i gc\u00farsa\u00ed foll\u00e1ine san ionad oibre \u00e9ags\u00fala.<\/p>\n<\/div>\n      <\/div>\n    <\/div>\n  <\/div>\n<\/article>\n  <\/div>\n     <div class=\"col\">\n  <article class=\"card post-2815 areas type-areas status-publish has-post-thumbnail hentry\">\n  <div class=\"card-body py-5 px-5\">\n    <div class=\"row\">\n            <div class=\"col-3 col-md-4 col-lg-3\">\n      <figure class=\"float-start figure-icon\">\n        <img loading=\"lazy\" decoding=\"async\" width=\"576\" height=\"1\" src=\"https:\/\/healthyworkplace.ie\/wp-content\/uploads\/2022\/09\/Wellbeing-area-figure-nurse-1.svg\" class=\"img-fluid wp-post-image\" alt=\"Wellbeing area figure: nurse\" \/>      <\/figure>\n    <\/div>\n    <div class=\"col-9 col-md-12 col-lg-9\">\n        <h2 class=\"entry-title h3 card-title mt-0\">\n      <a href=\"https:\/\/healthyworkplace.ie\/ga\/areas\/reimsi-follaine\/\" class=\"stretched-link link-primary text-decoration-none\">\n      R\u00e9ims\u00ed Foll\u00e1ine\n      <\/a>\n    <\/h2>\n    <p class=\"d-none\">\n    <time class=\"updated\" datetime=\"2022-09-19T12:52:17+00:00\">\n  19\/09\/2022\n<\/time>\n\n\n<meta itemprop=\"author\" content=\"Healthy Workplace\" \/>\n    <\/p>\n\n        <div class=\"entry-summary card-text pt-3\"><p>Faisn\u00e9is agus acmhainn\u00ed reatha ar na h\u00e1bhair foll\u00e1ine is t\u00e1bhachta\u00ed, agus naisc phobail chun t\u00fa a nascadh le saineolaithe \u00f3 gach earn\u00e1il chun do thionscnamh a fheabhs\u00fa.<\/p>\n<\/div>\n      <\/div>\n    <\/div>\n  <\/div>\n<\/article>\n  <\/div>\n     <div class=\"col\">\n  <article class=\"card post-2997 areas type-areas status-publish has-post-thumbnail hentry\">\n  <div class=\"card-body py-5 px-5\">\n    <div class=\"row\">\n            <div class=\"col-3 col-md-4 col-lg-3\">\n      <figure class=\"float-start figure-icon\">\n        <img loading=\"lazy\" decoding=\"async\" width=\"576\" height=\"1\" src=\"https:\/\/healthyworkplace.ie\/wp-content\/uploads\/2022\/11\/Training-area-bearded-man-tablet-1-colour-variant.svg\" class=\"img-fluid wp-post-image\" alt=\"Wellbeing area bearded-man with tablet\" \/>      <\/figure>\n    <\/div>\n    <div class=\"col-9 col-md-12 col-lg-9\">\n        <h2 class=\"entry-title h3 card-title mt-0\">\n      <a href=\"https:\/\/healthyworkplace.ie\/ga\/areas\/limistear-fbm\/\" class=\"stretched-link link-primary text-decoration-none\">\n      Limist\u00e9ar FBM\n      <\/a>\n    <\/h2>\n    <p class=\"d-none\">\n    <time class=\"updated\" datetime=\"2022-11-22T17:41:23+00:00\">\n  22\/11\/2022\n<\/time>\n\n\n<meta itemprop=\"author\" content=\"Healthy Workplace\" \/>\n    <\/p>\n\n        <div class=\"entry-summary card-text pt-3\"><p>Mar fhiontar beag n\u00f3 me\u00e1nmh\u00e9ide, t\u00e1 a fhios againn go bhfuil do chuid riachtanas uath\u00fail T\u00e1 s\u00e9 mar aidhm againn anseo acmhainn\u00ed n\u00edos spriocdh\u00edrithe a chur ar f\u00e1il chun cabhr\u00fa le do chumas a fhorbairt chun d&#8217;Ionad Oibre Sl\u00e1inti\u00fail a chruth\u00fa.<\/p>\n<\/div>\n      <\/div>\n    <\/div>\n  <\/div>\n<\/article>\n  <\/div>\n     <div class=\"col\">\n  <article class=\"card post-2999 areas type-areas status-publish has-post-thumbnail hentry\">\n  <div class=\"card-body py-5 px-5\">\n    <div class=\"row\">\n            <div class=\"col-3 col-md-4 col-lg-3\">\n      <figure class=\"float-start figure-icon\">\n        <img loading=\"lazy\" decoding=\"async\" width=\"576\" height=\"1\" src=\"https:\/\/healthyworkplace.ie\/wp-content\/uploads\/2022\/09\/Research-area-figure-lab-1.svg\" class=\"img-fluid wp-post-image\" alt=\"Research area figure: lab technician\" \/>      <\/figure>\n    <\/div>\n    <div class=\"col-9 col-md-12 col-lg-9\">\n        <h2 class=\"entry-title h3 card-title mt-0\">\n      <a href=\"https:\/\/healthyworkplace.ie\/ga\/areas\/taighde-agus-fianaise\/\" class=\"stretched-link link-primary text-decoration-none\">\n      Taighde agus Fianaise\n      <\/a>\n    <\/h2>\n    <p class=\"d-none\">\n    <time class=\"updated\" datetime=\"2022-11-22T17:42:29+00:00\">\n  22\/11\/2022\n<\/time>\n\n\n<meta itemprop=\"author\" content=\"Healthy Workplace\" \/>\n    <\/p>\n\n        <div class=\"entry-summary card-text pt-3\"><p>Rinneadh iarracht mh\u00f3r athbhreithni\u00fa a dh\u00e9anamh ar an litr\u00edocht idirn\u00e1isi\u00fanta agus dul i gcomhairle le pr\u00edomhshaineolaithe agus pr\u00edomhph\u00e1irtithe leasmhara maidir le Creat Ionad Oibre Sl\u00e1inti\u00fail na h\u00c9ireann a chruth\u00fa. Cuirimid an corpas oibre seo i l\u00e1thair sa chuid seo.<\/p>\n<\/div>\n      <\/div>\n    <\/div>\n  <\/div>\n<\/article>\n  <\/div>\n     <div class=\"col\">\n  <article class=\"card post-3001 areas type-areas status-publish has-post-thumbnail hentry\">\n  <div class=\"card-body py-5 px-5\">\n    <div class=\"row\">\n            <div class=\"col-3 col-md-4 col-lg-3\">\n      <figure class=\"float-start figure-icon\">\n        <img loading=\"lazy\" decoding=\"async\" width=\"576\" height=\"1\" src=\"https:\/\/healthyworkplace.ie\/wp-content\/uploads\/2022\/10\/Casestudies-area-figure-skirt-report-blue-1.svg\" class=\"img-fluid wp-post-image\" alt=\"Case studies area figure with blue hair, skirt, and report\" \/>      <\/figure>\n    <\/div>\n    <div class=\"col-9 col-md-12 col-lg-9\">\n        <h2 class=\"entry-title h3 card-title mt-0\">\n      <a href=\"https:\/\/healthyworkplace.ie\/ga\/areas\/cas-staideir\/\" class=\"stretched-link link-primary text-decoration-none\">\n      C\u00e1s-staid\u00e9ir\n      <\/a>\n    <\/h2>\n    <p class=\"d-none\">\n    <time class=\"updated\" datetime=\"2022-10-18T17:59:43+00:00\">\n  18\/10\/2022\n<\/time>\n\n\n<meta itemprop=\"author\" content=\"Healthy Workplace\" \/>\n    <\/p>\n\n        <div class=\"entry-summary card-text pt-3\"><p>Mar chuid den tionscadal seo, t\u00e1 roinnt c\u00e1s-staid\u00e9ir, a thaispe\u00e1nann dea-chleachtas i foll\u00e1ine san ionad oibre, bailithe. T\u00e1thar ag s\u00fail go gcuirfidh na c\u00e1s-staid\u00e9ir seo treoir ar f\u00e1il d&#8217;ionaid oibre eile ar mian leo dul i mbun foll\u00e1ine san ionad oibre a chur chun cinn ina n-eagra\u00edocht.<\/p>\n<\/div>\n      <\/div>\n    <\/div>\n  <\/div>\n<\/article>\n  <\/div>\n     <div class=\"col\">\n  <article class=\"card post-2894 areas type-areas status-publish has-post-thumbnail hentry\">\n  <div class=\"card-body py-5 px-5\">\n    <div class=\"row\">\n            <div class=\"col-3 col-md-4 col-lg-3\">\n      <figure class=\"float-start figure-icon\">\n        <img loading=\"lazy\" decoding=\"async\" width=\"576\" height=\"1\" src=\"https:\/\/healthyworkplace.ie\/wp-content\/uploads\/2022\/10\/Community-area-figure-vest-boots-1.svg\" class=\"img-fluid wp-post-image\" alt=\"Community area figure with vest and boots\" \/>      <\/figure>\n    <\/div>\n    <div class=\"col-9 col-md-12 col-lg-9\">\n        <h2 class=\"entry-title h3 card-title mt-0\">\n      <a href=\"https:\/\/healthyworkplace.ie\/ga\/areas\/nasc-pobail\/\" class=\"stretched-link link-primary text-decoration-none\">\n      Naisc Phobail\n      <\/a>\n    <\/h2>\n    <p class=\"d-none\">\n    <time class=\"updated\" datetime=\"2022-10-18T14:51:04+00:00\">\n  18\/10\/2022\n<\/time>\n\n\n<meta itemprop=\"author\" content=\"Healthy Workplace\" \/>\n    <\/p>\n\n        <div class=\"entry-summary card-text pt-3\"><p>D\u00e9an teagmh\u00e1il le heagra\u00edochta\u00ed a thaca\u00edonn le l\u00e1ithreacha oibre na h\u00c9ireann chun cl\u00e1ir sl\u00e1inte san ionad oibre a chur i bhfeidhm.<\/p>\n<\/div>\n      <\/div>\n    <\/div>\n  <\/div>\n<\/article>\n  <\/div>\n  <\/div>\n<\/section>\n\n\n<figure class=\"wp-block-pullquote\"><blockquote><p>D\u00e9an teagmh\u00e1il leis an FSS agus le heagra\u00edochta\u00ed taca\u00edochta pobail le haghaidh infographics agus acmhainn\u00ed eile in\u00e1r rann\u00f3g Naisc Phobail.<\/p><\/blockquote><\/figure>\n","protected":false},"excerpt":{"rendered":"<p>Nuair a bh\u00edonn lucht saothair gn\u00edomhach go rialta b\u00edonn baol \u00edslithe ann go dtarl\u00f3idh riochta\u00ed ainsealacha cos\u00fail le taom cro\u00ed, str\u00f3c agus diaib\u00e9iteas. L\u00e9ir\u00edtear freisin go gcabhra\u00edonn acla\u00edocht maidir le &hellip;<\/p>\n","protected":false},"featured_media":2529,"parent":2815,"menu_order":44,"template":"","meta":{"_acf_changed":false,"inline_featured_image":false,"_monsterinsights_skip_tracking":false,"_monsterinsights_sitenote_active":false,"_monsterinsights_sitenote_note":"","_monsterinsights_sitenote_category":0,"_EventAllDay":false,"_EventTimezone":"","_EventStartDate":"","_EventEndDate":"","_EventStartDateUTC":"","_EventEndDateUTC":"","_EventShowMap":false,"_EventShowMapLink":false,"_EventURL":"","_EventCost":"","_EventCostDescription":"","_EventCurrencySymbol":"","_EventCurrencyCode":"","_EventCurrencyPosition":"","_EventDateTimeSeparator":"","_EventTimeRangeSeparator":"","_EventOrganizerID":[],"_EventVenueID":[],"_OrganizerEmail":"","_OrganizerPhone":"","_OrganizerWebsite":"","_VenueAddress":"","_VenueCity":"","_VenueCountry":"","_VenueProvince":"","_VenueState":"","_VenueZip":"","_VenuePhone":"","_VenueURL":"","_VenueStateProvince":"","_VenueLat":"","_VenueLng":"","_VenueShowMap":false,"_VenueShowMapLink":false,"footnotes":""},"class_list":["post-2849","areas","type-areas","status-publish","has-post-thumbnail","hentry"],"acf":[],"yoast_head":"<!-- This site is optimized with the Yoast SEO plugin v27.4 - https:\/\/yoast.com\/product\/yoast-seo-wordpress\/ -->\n<title>Gn\u00edomha\u00edocht Choirp - Healthy Workplace Ireland<\/title>\n<meta name=\"description\" content=\"Nuair a bh\u00edonn lucht saothair gn\u00edomhach go rialta b\u00edonn baol \u00edslithe ann go dtarl\u00f3idh riochta\u00ed ainsealacha cos\u00fail le taom cro\u00ed, str\u00f3c agus diaib\u00e9iteas.\" \/>\n<meta name=\"robots\" content=\"index, follow, max-snippet:-1, max-image-preview:large, max-video-preview:-1\" \/>\n<link rel=\"canonical\" href=\"https:\/\/healthyworkplace.ie\/ga\/areas\/reimsi-follaine\/gniomhaiocht-choirp\/\" \/>\n<meta property=\"og:locale\" content=\"ga_IE\" \/>\n<meta property=\"og:type\" content=\"article\" \/>\n<meta property=\"og:title\" content=\"Gn\u00edomha\u00edocht Choirp - Healthy Workplace Ireland\" \/>\n<meta property=\"og:description\" content=\"Nuair a bh\u00edonn lucht saothair gn\u00edomhach go rialta b\u00edonn baol \u00edslithe ann go dtarl\u00f3idh riochta\u00ed ainsealacha cos\u00fail le taom cro\u00ed, str\u00f3c agus diaib\u00e9iteas.\" \/>\n<meta property=\"og:url\" content=\"https:\/\/healthyworkplace.ie\/ga\/areas\/reimsi-follaine\/gniomhaiocht-choirp\/\" \/>\n<meta property=\"og:site_name\" content=\"Healthy Workplace Ireland\" \/>\n<meta property=\"article:modified_time\" content=\"2023-05-15T15:58:14+00:00\" \/>\n<meta name=\"twitter:card\" content=\"summary_large_image\" \/>\n<meta name=\"twitter:label1\" content=\"Est. reading time\" \/>\n\t<meta name=\"twitter:data1\" content=\"2 minutes\" \/>\n<script type=\"application\/ld+json\" class=\"yoast-schema-graph\">{\"@context\":\"https:\\\/\\\/schema.org\",\"@graph\":[{\"@type\":\"WebPage\",\"@id\":\"https:\\\/\\\/healthyworkplace.ie\\\/ga\\\/areas\\\/reimsi-follaine\\\/gniomhaiocht-choirp\\\/\",\"url\":\"https:\\\/\\\/healthyworkplace.ie\\\/ga\\\/areas\\\/reimsi-follaine\\\/gniomhaiocht-choirp\\\/\",\"name\":\"Gn\u00edomha\u00edocht Choirp - Healthy Workplace Ireland\",\"isPartOf\":{\"@id\":\"https:\\\/\\\/healthyworkplace.ie\\\/ga\\\/#website\"},\"primaryImageOfPage\":{\"@id\":\"https:\\\/\\\/healthyworkplace.ie\\\/ga\\\/areas\\\/reimsi-follaine\\\/gniomhaiocht-choirp\\\/#primaryimage\"},\"image\":{\"@id\":\"https:\\\/\\\/healthyworkplace.ie\\\/ga\\\/areas\\\/reimsi-follaine\\\/gniomhaiocht-choirp\\\/#primaryimage\"},\"thumbnailUrl\":\"https:\\\/\\\/healthyworkplace.ie\\\/wp-content\\\/uploads\\\/2022\\\/12\\\/stretching.svg\",\"datePublished\":\"2022-12-13T17:16:21+00:00\",\"dateModified\":\"2023-05-15T15:58:14+00:00\",\"description\":\"Nuair a bh\u00edonn lucht saothair gn\u00edomhach go rialta b\u00edonn baol \u00edslithe ann go dtarl\u00f3idh riochta\u00ed ainsealacha cos\u00fail le taom cro\u00ed, str\u00f3c agus diaib\u00e9iteas.\",\"breadcrumb\":{\"@id\":\"https:\\\/\\\/healthyworkplace.ie\\\/ga\\\/areas\\\/reimsi-follaine\\\/gniomhaiocht-choirp\\\/#breadcrumb\"},\"inLanguage\":\"ga-IE\",\"potentialAction\":[{\"@type\":\"ReadAction\",\"target\":[\"https:\\\/\\\/healthyworkplace.ie\\\/ga\\\/areas\\\/reimsi-follaine\\\/gniomhaiocht-choirp\\\/\"]}]},{\"@type\":\"ImageObject\",\"inLanguage\":\"ga-IE\",\"@id\":\"https:\\\/\\\/healthyworkplace.ie\\\/ga\\\/areas\\\/reimsi-follaine\\\/gniomhaiocht-choirp\\\/#primaryimage\",\"url\":\"https:\\\/\\\/healthyworkplace.ie\\\/wp-content\\\/uploads\\\/2022\\\/12\\\/stretching.svg\",\"contentUrl\":\"https:\\\/\\\/healthyworkplace.ie\\\/wp-content\\\/uploads\\\/2022\\\/12\\\/stretching.svg\",\"caption\":\"Stretching\"},{\"@type\":\"BreadcrumbList\",\"@id\":\"https:\\\/\\\/healthyworkplace.ie\\\/ga\\\/areas\\\/reimsi-follaine\\\/gniomhaiocht-choirp\\\/#breadcrumb\",\"itemListElement\":[{\"@type\":\"ListItem\",\"position\":1,\"name\":\"Baile\",\"item\":\"https:\\\/\\\/healthyworkplace.ie\\\/ga\\\/\"},{\"@type\":\"ListItem\",\"position\":2,\"name\":\"Foll\u00e1ine san Obair\",\"item\":\"https:\\\/\\\/healthyworkplace.ie\\\/ga\\\/areas\\\/\"},{\"@type\":\"ListItem\",\"position\":3,\"name\":\"R\u00e9ims\u00ed Foll\u00e1ine\",\"item\":\"https:\\\/\\\/healthyworkplace.ie\\\/ga\\\/areas\\\/reimsi-follaine\\\/\"},{\"@type\":\"ListItem\",\"position\":4,\"name\":\"Gn\u00edomha\u00edocht Choirp\"}]},{\"@type\":\"WebSite\",\"@id\":\"https:\\\/\\\/healthyworkplace.ie\\\/ga\\\/#website\",\"url\":\"https:\\\/\\\/healthyworkplace.ie\\\/ga\\\/\",\"name\":\"Healthy Ireland @ Work\",\"description\":\"Sl\u00e1inte agus foll\u00e1ine oibrithe a chur chun cinn laistigh de gach ionad oibre\",\"publisher\":{\"@id\":\"https:\\\/\\\/healthyworkplace.ie\\\/ga\\\/#organization\"},\"alternateName\":\"Healthy Workplace\",\"potentialAction\":[{\"@type\":\"SearchAction\",\"target\":{\"@type\":\"EntryPoint\",\"urlTemplate\":\"https:\\\/\\\/healthyworkplace.ie\\\/ga\\\/?s={search_term_string}\"},\"query-input\":{\"@type\":\"PropertyValueSpecification\",\"valueRequired\":true,\"valueName\":\"search_term_string\"}}],\"inLanguage\":\"ga-IE\"},{\"@type\":\"Organization\",\"@id\":\"https:\\\/\\\/healthyworkplace.ie\\\/ga\\\/#organization\",\"name\":\"Healthy Workplace Ireland\",\"url\":\"https:\\\/\\\/healthyworkplace.ie\\\/ga\\\/\",\"logo\":{\"@type\":\"ImageObject\",\"inLanguage\":\"ga-IE\",\"@id\":\"https:\\\/\\\/healthyworkplace.ie\\\/ga\\\/#\\\/schema\\\/logo\\\/image\\\/\",\"url\":\"https:\\\/\\\/healthyworkplace.ie\\\/wp-content\\\/uploads\\\/2022\\\/06\\\/healthyucd-HealthyIreland3.png\",\"contentUrl\":\"https:\\\/\\\/healthyworkplace.ie\\\/wp-content\\\/uploads\\\/2022\\\/06\\\/healthyucd-HealthyIreland3.png\",\"width\":150,\"height\":150,\"caption\":\"Healthy Workplace Ireland\"},\"image\":{\"@id\":\"https:\\\/\\\/healthyworkplace.ie\\\/ga\\\/#\\\/schema\\\/logo\\\/image\\\/\"}}]}<\/script>\n<!-- \/ Yoast SEO plugin. -->","yoast_head_json":{"title":"Gn\u00edomha\u00edocht Choirp - Healthy Workplace Ireland","description":"Nuair a bh\u00edonn lucht saothair gn\u00edomhach go rialta b\u00edonn baol \u00edslithe ann go dtarl\u00f3idh riochta\u00ed ainsealacha cos\u00fail le taom cro\u00ed, str\u00f3c agus diaib\u00e9iteas.","robots":{"index":"index","follow":"follow","max-snippet":"max-snippet:-1","max-image-preview":"max-image-preview:large","max-video-preview":"max-video-preview:-1"},"canonical":"https:\/\/healthyworkplace.ie\/ga\/areas\/reimsi-follaine\/gniomhaiocht-choirp\/","og_locale":"ga_IE","og_type":"article","og_title":"Gn\u00edomha\u00edocht Choirp - Healthy Workplace Ireland","og_description":"Nuair a bh\u00edonn lucht saothair gn\u00edomhach go rialta b\u00edonn baol \u00edslithe ann go dtarl\u00f3idh riochta\u00ed ainsealacha cos\u00fail le taom cro\u00ed, str\u00f3c agus diaib\u00e9iteas.","og_url":"https:\/\/healthyworkplace.ie\/ga\/areas\/reimsi-follaine\/gniomhaiocht-choirp\/","og_site_name":"Healthy Workplace Ireland","article_modified_time":"2023-05-15T15:58:14+00:00","twitter_card":"summary_large_image","twitter_misc":{"Est. reading time":"2 minutes"},"schema":{"@context":"https:\/\/schema.org","@graph":[{"@type":"WebPage","@id":"https:\/\/healthyworkplace.ie\/ga\/areas\/reimsi-follaine\/gniomhaiocht-choirp\/","url":"https:\/\/healthyworkplace.ie\/ga\/areas\/reimsi-follaine\/gniomhaiocht-choirp\/","name":"Gn\u00edomha\u00edocht Choirp - Healthy Workplace Ireland","isPartOf":{"@id":"https:\/\/healthyworkplace.ie\/ga\/#website"},"primaryImageOfPage":{"@id":"https:\/\/healthyworkplace.ie\/ga\/areas\/reimsi-follaine\/gniomhaiocht-choirp\/#primaryimage"},"image":{"@id":"https:\/\/healthyworkplace.ie\/ga\/areas\/reimsi-follaine\/gniomhaiocht-choirp\/#primaryimage"},"thumbnailUrl":"https:\/\/healthyworkplace.ie\/wp-content\/uploads\/2022\/12\/stretching.svg","datePublished":"2022-12-13T17:16:21+00:00","dateModified":"2023-05-15T15:58:14+00:00","description":"Nuair a bh\u00edonn lucht saothair gn\u00edomhach go rialta b\u00edonn baol \u00edslithe ann go dtarl\u00f3idh riochta\u00ed ainsealacha cos\u00fail le taom cro\u00ed, str\u00f3c agus diaib\u00e9iteas.","breadcrumb":{"@id":"https:\/\/healthyworkplace.ie\/ga\/areas\/reimsi-follaine\/gniomhaiocht-choirp\/#breadcrumb"},"inLanguage":"ga-IE","potentialAction":[{"@type":"ReadAction","target":["https:\/\/healthyworkplace.ie\/ga\/areas\/reimsi-follaine\/gniomhaiocht-choirp\/"]}]},{"@type":"ImageObject","inLanguage":"ga-IE","@id":"https:\/\/healthyworkplace.ie\/ga\/areas\/reimsi-follaine\/gniomhaiocht-choirp\/#primaryimage","url":"https:\/\/healthyworkplace.ie\/wp-content\/uploads\/2022\/12\/stretching.svg","contentUrl":"https:\/\/healthyworkplace.ie\/wp-content\/uploads\/2022\/12\/stretching.svg","caption":"Stretching"},{"@type":"BreadcrumbList","@id":"https:\/\/healthyworkplace.ie\/ga\/areas\/reimsi-follaine\/gniomhaiocht-choirp\/#breadcrumb","itemListElement":[{"@type":"ListItem","position":1,"name":"Baile","item":"https:\/\/healthyworkplace.ie\/ga\/"},{"@type":"ListItem","position":2,"name":"Foll\u00e1ine san Obair","item":"https:\/\/healthyworkplace.ie\/ga\/areas\/"},{"@type":"ListItem","position":3,"name":"R\u00e9ims\u00ed Foll\u00e1ine","item":"https:\/\/healthyworkplace.ie\/ga\/areas\/reimsi-follaine\/"},{"@type":"ListItem","position":4,"name":"Gn\u00edomha\u00edocht Choirp"}]},{"@type":"WebSite","@id":"https:\/\/healthyworkplace.ie\/ga\/#website","url":"https:\/\/healthyworkplace.ie\/ga\/","name":"Healthy Ireland @ Work","description":"Sl\u00e1inte agus foll\u00e1ine oibrithe a chur chun cinn laistigh de gach ionad oibre","publisher":{"@id":"https:\/\/healthyworkplace.ie\/ga\/#organization"},"alternateName":"Healthy Workplace","potentialAction":[{"@type":"SearchAction","target":{"@type":"EntryPoint","urlTemplate":"https:\/\/healthyworkplace.ie\/ga\/?s={search_term_string}"},"query-input":{"@type":"PropertyValueSpecification","valueRequired":true,"valueName":"search_term_string"}}],"inLanguage":"ga-IE"},{"@type":"Organization","@id":"https:\/\/healthyworkplace.ie\/ga\/#organization","name":"Healthy Workplace Ireland","url":"https:\/\/healthyworkplace.ie\/ga\/","logo":{"@type":"ImageObject","inLanguage":"ga-IE","@id":"https:\/\/healthyworkplace.ie\/ga\/#\/schema\/logo\/image\/","url":"https:\/\/healthyworkplace.ie\/wp-content\/uploads\/2022\/06\/healthyucd-HealthyIreland3.png","contentUrl":"https:\/\/healthyworkplace.ie\/wp-content\/uploads\/2022\/06\/healthyucd-HealthyIreland3.png","width":150,"height":150,"caption":"Healthy Workplace Ireland"},"image":{"@id":"https:\/\/healthyworkplace.ie\/ga\/#\/schema\/logo\/image\/"}}]}},"_links":{"self":[{"href":"https:\/\/healthyworkplace.ie\/ga\/wp-json\/wp\/v2\/areas\/2849","targetHints":{"allow":["GET"]}}],"collection":[{"href":"https:\/\/healthyworkplace.ie\/ga\/wp-json\/wp\/v2\/areas"}],"about":[{"href":"https:\/\/healthyworkplace.ie\/ga\/wp-json\/wp\/v2\/types\/areas"}],"version-history":[{"count":1,"href":"https:\/\/healthyworkplace.ie\/ga\/wp-json\/wp\/v2\/areas\/2849\/revisions"}],"predecessor-version":[{"id":2850,"href":"https:\/\/healthyworkplace.ie\/ga\/wp-json\/wp\/v2\/areas\/2849\/revisions\/2850"}],"up":[{"embeddable":true,"href":"https:\/\/healthyworkplace.ie\/ga\/wp-json\/wp\/v2\/areas\/2815"}],"wp:featuredmedia":[{"embeddable":true,"href":"https:\/\/healthyworkplace.ie\/ga\/wp-json\/wp\/v2\/media\/2529"}],"wp:attachment":[{"href":"https:\/\/healthyworkplace.ie\/ga\/wp-json\/wp\/v2\/media?parent=2849"}],"curies":[{"name":"wp","href":"https:\/\/api.w.org\/{rel}","templated":true}]}}