{"id":2854,"date":"2022-12-14T10:22:23","date_gmt":"2022-12-14T10:22:23","guid":{"rendered":"https:\/\/healthyworkplace.ie\/areas\/reimsi-follaine\/gniomhaiocht-choirp\/gniomhaiochtai-ar-leibheal-aonair\/"},"modified":"2023-07-13T16:25:23","modified_gmt":"2023-07-13T15:25:23","slug":"gniomhaiochtai-ar-leibheal-aonair","status":"publish","type":"areas","link":"https:\/\/healthyworkplace.ie\/ga\/areas\/reimsi-follaine\/gniomhaiocht-choirp\/gniomhaiochtai-ar-leibheal-aonair\/","title":{"rendered":"Gn\u00edomha\u00edochta\u00ed ar leibh\u00e9al aonair"},"content":{"rendered":"\n<p>Is d\u00f3cha go nd\u00edreoidh do thionscnaimh foll\u00e1ine ar an leibh\u00e9al aonair ar fheasacht a mh\u00fascailt agus\/n\u00f3 scileanna a th\u00f3g\u00e1il chun an r\u00e9imse foll\u00e1ine seo a bhainisti\u00fa.<\/p>\n\n<div class=\"wp-block-pb-accordion-item c-accordion__item js-accordion-item no-js\" data-initially-open=\"false\" data-click-to-close=\"true\" data-auto-close=\"true\" data-scroll=\"true\" data-scroll-offset=\"0\"><h2 id=\"at-13270\" class=\"c-accordion__title js-accordion-controller\" role=\"button\">Feasacht a ard\u00fa ar na bunt\u00e1ist\u00ed a bhaineann le st\u00edl mhaireacht\u00e1la ghn\u00edomhach agus l\u00ednte taca\u00edochta a aithint.<\/h2><div id=\"ac-13270\" class=\"c-accordion__content\">\n<p>Neartaigh do phobal tr\u00ed fhostaithe a nascadh le hacmhainn\u00ed \u00e1iti\u00fala agus fi\u00fa smaoineamh ar ail\u00edni\u00fa le heagra\u00edochta\u00ed pobail mar chuid de pholasa\u00ed um Fhreagracht Sh\u00f3isialta Chorpar\u00e1ideach. <\/p>\n\n\n\n<p>F\u00e9ach freisin \u00e1r Naisc Phobail chun nascadh le heagra\u00edocht a chabhr\u00f3idh le gn\u00edomha\u00edocht choirp a fheabhs\u00fa i d&#8217;ionad oibre. Is f\u00e9idir leat cl\u00e1r\u00fa lena nuachtlitir chun coinne\u00e1il suas leis an nuacht agus na himeachta\u00ed is d\u00e9ana\u00ed sa sp\u00e1s foll\u00e1ine seo agus b&#8217;fh\u00e9idir go mbeidh siad in ann taca\u00edochta\u00ed, seirbh\u00eds\u00ed n\u00f3 comhph\u00e1irt\u00edocht a thairiscint maidir leis an m\u00e9id seo a leanas:<\/p>\n\n\n\n<ul class=\"wp-block-list\">\n<li><strong>Ceardlanna Gn\u00edomha\u00edochta Coirp n\u00f3 seisi\u00fain eolais am l\u00f3in. <\/strong>Is f\u00e9idir leo seo a bheith oideachas\u00fail chun cabhr\u00fa le fostaithe tuiscint a fh\u00e1il ar na bunt\u00e1ist\u00ed sl\u00e1inte a bhaineann le gluaiseacht, agus an chaoi a bhfuil st\u00edl mhaireacht\u00e1la neamhghn\u00edomhach ina pr\u00edomhfhacht\u00f3ir riosca do ghalar ainsealach. Ina theannta sin, t\u00e1 s\u00e1bh\u00e1ilteacht ar bh\u00f3ithre t\u00e1bhachtach. In ionad seisi\u00fain aonuaire, cuir plean fadt\u00e9armach do na seisi\u00fain seo san \u00e1ireamh agus cuir ar chumas fostaithe leas a bhaint as na seisi\u00fain sin tr\u00ed r\u00e9itigh r\u00e9as\u00fanta sceidil n\u00f3 ualach oibre a dh\u00e9anamh.<\/li>\n\n\n\n<li><strong style=\"font-size: 1.375rem; color: initial;\">Acmhainn\u00ed chun tuiscint n\u00edos fearr a chur chun cinn ar na bunt\u00e1ist\u00ed sl\u00e1inte a bhaineann le gn\u00edomha\u00edocht choirp.<\/strong><span style=\"font-size: 1.375rem; color: initial;\"> \u00c1ir\u00edtear orthu seo p\u00f3staeir, grafaic\u00ed faisn\u00e9ise, f\u00edse\u00e1in, n\u00f3 ailt i nuachtlitreacha cuideachta srl.<\/span><\/li>\n\n\n\n<li><strong style=\"font-size: 1.375rem; color: initial;\">P\u00e1irt a ghlacadh i laethanta feasachta<\/strong><span style=\"font-size: 1.375rem; color: initial;\"> B\u00edonn an L\u00e1 N\u00e1isi\u00fanta Si\u00fail agus an L\u00e1 N\u00e1isi\u00fanta Acla\u00edochta ar si\u00fal i m\u00ed Mhe\u00e1n F\u00f3mhair agus b\u00edonn Seachtain na Rothar ar si\u00fal i m\u00ed na Bealtaine. Is f\u00e9idir leat tac\u00fa le heagra\u00edochta\u00ed \u00e1iti\u00fala at\u00e1 speisialaithe i nGn\u00edomha\u00edocht Choirp agus on\u00f3ir a thabhairt do na laethanta seo ar bheala\u00ed \u00e9ags\u00fala agus t\u00fa ag cur do ghn\u00edomha\u00edochta\u00ed chun cinn i nuachtlitir chuideachta n\u00f3 ar do mhe\u00e1in sh\u00f3isialta. Cuimhnigh go bhfuil feasacht maidir le gn\u00edomha\u00edocht choirp t\u00e1bhachtach ar feadh na bliana!<\/span><\/li>\n\n\n\n<li><strong>Cairdeas agus obair foirne<\/strong> Imeachta\u00ed s\u00f3isialta a ionchorpr\u00fa mar dh\u00fashl\u00e1in ghn\u00edomha\u00edochta 30 l\u00e1 n\u00f3 d\u00fashl\u00e1in pheidim\u00e9adair agus comhroinnt faisn\u00e9ise faoi ghr\u00fapa\u00ed \u00e1iti\u00fala si\u00fal\u00f3ide, rotha\u00edochta n\u00f3 gr\u00fapa\u00ed sainsp\u00e9ise gn\u00edomhacha eile a spreagadh, agus b\u00ed cinnte go smaoineoidh t\u00fa ar ghn\u00edomha\u00edocht chuimsitheach do bhaill foirne at\u00e1 faoi mh\u00edchumas. Caidreamh a bhun\u00fa le hoibrithe a bhfuil imeachta\u00ed gn\u00edomha\u00edochta coirp curtha i gcr\u00edch acu (amhail triathl\u00f3in n\u00f3 imeachta\u00ed carthanachta) mar is f\u00e9idir leis seo feasacht ar an \u00e1bhar a mh\u00e9ad\u00fa i measc na foirne agus gn\u00edomha\u00edocht choirp a spreagadh sa phobal. Smaoinigh freisin ar obair dheonach a eagr\u00fa chun sl\u00e1inte a fheabhs\u00fa agus comhth\u00e1th\u00fa a neart\u00fa ar leibh\u00e9al an ionaid oibre agus an phobail araon.<\/li>\n<\/ul>\n\n\n\n<p><\/p>\n<\/div><\/div>\n\n<div class=\"wp-block-pb-accordion-item c-accordion__item js-accordion-item no-js\" data-initially-open=\"false\" data-click-to-close=\"true\" data-auto-close=\"true\" data-scroll=\"true\" data-scroll-offset=\"0\"><h2 id=\"at-13271\" class=\"c-accordion__title js-accordion-controller\" role=\"button\">Leibh\u00e9al cu\u00ed taca\u00edochta<\/h2><div id=\"ac-13271\" class=\"c-accordion__content\">\n<p>T\u00e1 s\u00e9 t\u00e1bhachtach a mheabhr\u00fa go bhfuil c\u00fains\u00ed difri\u00fala ag gach fosta\u00ed. Breathn\u00f3idh gn\u00edomha\u00edocht choirp difri\u00fail ag brath ar aoisghr\u00fapa agus d&#8217;fh\u00e9adfadh srianta gluaiseachta \u00e1irithe a bheith ar roinnt fostaithe mar gheall ar dh\u00e1la\u00ed g\u00e9initeacha n\u00f3 sl\u00e1inte. <\/p>\n\n\n\n<p>T\u00e1 s\u00e9 t\u00e1bhachtach taca\u00edochta\u00ed cuimsitheacha a shol\u00e1thar, treoir a thabhairt chuig acmhainn\u00ed cu\u00ed n\u00f3 nasc a dh\u00e9anamh le rann\u00f3g(a) iomchu\u00ed san ionad oibre (HR, Altra Sl\u00e1inte Ceirde, sol\u00e1thra\u00ed \u00e1rachais srl.) <\/p>\n\n\n\n<p>F\u00e9ach freisin \u00e1r Naisc Phobail chun nascadh le heagra\u00edocht a chabhr\u00f3idh le gn\u00edomha\u00edocht choirp a fheabhs\u00fa i d&#8217;eagra\u00edocht a d&#8217;fh\u00e9adfadh a bheith in ann taca\u00edochta\u00ed, seirbh\u00eds\u00ed n\u00f3 comhph\u00e1irt\u00edocht a thairiscint :<\/p>\n\n\n\n<ul class=\"wp-block-list\">\n<li><strong>Ceardlanna Gn\u00edomha\u00edochta Coirp n\u00f3 seisi\u00fain am l\u00f3in. <\/strong>Is f\u00e9idir leo seo a bheith bainteach le scileanna, mar shampla conas cur isteach ar iompar neamhghn\u00edomhach i rith an lae (acla\u00edocht ag an deasc, an staighre a \u00fas\u00e1id seachas ardaitheoir\u00ed, dul chuig deasca comhghleacaithe seachas r\u00edomhphoist a sheoladh, p\u00e1irce\u00e1il i bhfad \u00f3n l\u00e1thair srl.). In ionad seisi\u00fain aonuaire, cuir plean fadt\u00e9armach do na seisi\u00fain seo san \u00e1ireamh agus cuir ar chumas fostaithe leas a bhaint as na seisi\u00fain sin tr\u00ed r\u00e9itigh r\u00e9as\u00fanta sceidil n\u00f3 ualach oibre a dh\u00e9anamh.<\/li>\n\n\n\n<li><strong style=\"font-size: 1.375rem; color: initial;\">Acmhainn\u00ed chun beala\u00ed a chur chun cinn don fhoireann le tosa\u00edocht a thabhairt do ghluaiseacht.<\/strong><span style=\"font-size: 1.375rem; color: initial;\"> Is f\u00e9idir p\u00f3staeir, grafaic faisn\u00e9ise, f\u00edse\u00e1in, n\u00f3 ailt i nuachtlitreacha cuideachta srl. a chur san \u00e1ireamh lena n-\u00e1ir\u00edtear leideanna praitici\u00fala \u00e9ags\u00fala maidir le gn\u00edomha\u00edocht choirp.<\/span><\/li>\n\n\n\n<li><strong>Cuimsi\u00fa a chinnti\u00fa.<\/strong> N\u00e1 d\u00e9an dearmad freastal ar fhostaithe cianoibre agus orthu si\u00fad a oibr\u00edonn lasmuigh den l\u00e1thair n\u00f3 a thaisteala\u00edonn mar nach mbeidh siad in ann p\u00f3staeir ar an l\u00e1thair a fheice\u00e1il agus b\u00edonn siad scoite amach \u00f3 chomhr\u00e1ite foirmi\u00fala agus neamhfhoirmi\u00fala. Braitheann na fostaithe seo scoite amach agus mar sin ba ch\u00f3ir socruithe speisialta a dh\u00e9anamh. Ina theannta sin, n\u00ed m\u00f3r cuimhneamh ar bhaill foirne at\u00e1 faoi mh\u00edchumas; nasc le Cara chun a chinnti\u00fa go bhfuil gach fosta\u00ed in ann p\u00e1irt a ghlacadh i dtionscnaimh gn\u00edomha\u00edochta coirp.<\/li>\n\n\n\n<li><strong>Foll\u00e1ine ioml\u00e1na\u00edoch a chomhth\u00e1th\u00fa<\/strong> F\u00e9ach conas is f\u00e9idir leat r\u00e9ims\u00ed foll\u00e1ine eile a chomhth\u00e1th\u00fa mar Mheabhairshl\u00e1inte mar go gcuireann maireacht\u00e1il ghn\u00edomhach agus gn\u00edomha\u00edocht choirp, mar aon leis an ngn\u00e9 sh\u00f3isialta a bhaineann le gn\u00edomha\u00edochta\u00ed gr\u00fapa, le meabhairshl\u00e1inte fheabhsaithe.<\/li>\n<\/ul>\n<\/div><\/div>\n","protected":false},"excerpt":{"rendered":"<p>Is d\u00f3cha go nd\u00edreoidh do thionscnaimh foll\u00e1ine ar an leibh\u00e9al aonair ar fheasacht a mh\u00fascailt agus\/n\u00f3 scileanna a th\u00f3g\u00e1il chun an r\u00e9imse foll\u00e1ine seo a bhainisti\u00fa.<\/p>\n","protected":false},"featured_media":0,"parent":2849,"menu_order":47,"template":"","meta":{"_acf_changed":false,"inline_featured_image":false,"_monsterinsights_skip_tracking":false,"_monsterinsights_sitenote_active":false,"_monsterinsights_sitenote_note":"","_monsterinsights_sitenote_category":0,"_EventAllDay":false,"_EventTimezone":"","_EventStartDate":"","_EventEndDate":"","_EventStartDateUTC":"","_EventEndDateUTC":"","_EventShowMap":false,"_EventShowMapLink":false,"_EventURL":"","_EventCost":"","_EventCostDescription":"","_EventCurrencySymbol":"","_EventCurrencyCode":"","_EventCurrencyPosition":"","_EventDateTimeSeparator":"","_EventTimeRangeSeparator":"","_EventOrganizerID":[],"_EventVenueID":[],"_OrganizerEmail":"","_OrganizerPhone":"","_OrganizerWebsite":"","_VenueAddress":"","_VenueCity":"","_VenueCountry":"","_VenueProvince":"","_VenueState":"","_VenueZip":"","_VenuePhone":"","_VenueURL":"","_VenueStateProvince":"","_VenueLat":"","_VenueLng":"","_VenueShowMap":false,"_VenueShowMapLink":false,"footnotes":""},"class_list":["post-2854","areas","type-areas","status-publish","hentry"],"acf":[],"yoast_head":"<!-- This site is optimized with the Yoast SEO plugin v27.4 - https:\/\/yoast.com\/product\/yoast-seo-wordpress\/ -->\n<title>Gn\u00edomha\u00edochta\u00ed ar leibh\u00e9al aonair - Healthy Workplace Ireland<\/title>\n<meta name=\"description\" content=\"Is d\u00f3cha go nd\u00edreoidh do thionscnaimh foll\u00e1ine ar an leibh\u00e9al aonair ar fheasacht a mh\u00fascailt agus\/n\u00f3 scileanna a th\u00f3g\u00e1il chun an r\u00e9imse foll\u00e1ine seo a bhainisti\u00fa.\" \/>\n<meta name=\"robots\" content=\"index, follow, max-snippet:-1, max-image-preview:large, max-video-preview:-1\" \/>\n<link rel=\"canonical\" href=\"https:\/\/healthyworkplace.ie\/ga\/areas\/reimsi-follaine\/gniomhaiocht-choirp\/gniomhaiochtai-ar-leibheal-aonair\/\" \/>\n<meta property=\"og:locale\" content=\"ga_IE\" \/>\n<meta property=\"og:type\" content=\"article\" \/>\n<meta property=\"og:title\" content=\"Gn\u00edomha\u00edochta\u00ed ar leibh\u00e9al aonair - Healthy Workplace Ireland\" \/>\n<meta property=\"og:description\" content=\"Is d\u00f3cha go nd\u00edreoidh do thionscnaimh foll\u00e1ine ar an leibh\u00e9al aonair ar fheasacht a mh\u00fascailt agus\/n\u00f3 scileanna a th\u00f3g\u00e1il chun an r\u00e9imse foll\u00e1ine seo a bhainisti\u00fa.\" \/>\n<meta property=\"og:url\" content=\"https:\/\/healthyworkplace.ie\/ga\/areas\/reimsi-follaine\/gniomhaiocht-choirp\/gniomhaiochtai-ar-leibheal-aonair\/\" \/>\n<meta property=\"og:site_name\" content=\"Healthy Workplace Ireland\" \/>\n<meta property=\"article:modified_time\" content=\"2023-07-13T15:25:23+00:00\" \/>\n<meta name=\"twitter:card\" content=\"summary_large_image\" \/>\n<meta name=\"twitter:label1\" content=\"Est. reading time\" \/>\n\t<meta name=\"twitter:data1\" content=\"5 minutes\" \/>\n<script type=\"application\/ld+json\" class=\"yoast-schema-graph\">{\"@context\":\"https:\\\/\\\/schema.org\",\"@graph\":[{\"@type\":\"WebPage\",\"@id\":\"https:\\\/\\\/healthyworkplace.ie\\\/ga\\\/areas\\\/reimsi-follaine\\\/gniomhaiocht-choirp\\\/gniomhaiochtai-ar-leibheal-aonair\\\/\",\"url\":\"https:\\\/\\\/healthyworkplace.ie\\\/ga\\\/areas\\\/reimsi-follaine\\\/gniomhaiocht-choirp\\\/gniomhaiochtai-ar-leibheal-aonair\\\/\",\"name\":\"Gn\u00edomha\u00edochta\u00ed ar leibh\u00e9al aonair - Healthy Workplace Ireland\",\"isPartOf\":{\"@id\":\"https:\\\/\\\/healthyworkplace.ie\\\/ga\\\/#website\"},\"datePublished\":\"2022-12-14T10:22:23+00:00\",\"dateModified\":\"2023-07-13T15:25:23+00:00\",\"description\":\"Is d\u00f3cha go nd\u00edreoidh do thionscnaimh foll\u00e1ine ar an leibh\u00e9al aonair ar fheasacht a mh\u00fascailt agus\\\/n\u00f3 scileanna a th\u00f3g\u00e1il chun an r\u00e9imse foll\u00e1ine seo a bhainisti\u00fa.\",\"breadcrumb\":{\"@id\":\"https:\\\/\\\/healthyworkplace.ie\\\/ga\\\/areas\\\/reimsi-follaine\\\/gniomhaiocht-choirp\\\/gniomhaiochtai-ar-leibheal-aonair\\\/#breadcrumb\"},\"inLanguage\":\"ga-IE\",\"potentialAction\":[{\"@type\":\"ReadAction\",\"target\":[\"https:\\\/\\\/healthyworkplace.ie\\\/ga\\\/areas\\\/reimsi-follaine\\\/gniomhaiocht-choirp\\\/gniomhaiochtai-ar-leibheal-aonair\\\/\"]}]},{\"@type\":\"BreadcrumbList\",\"@id\":\"https:\\\/\\\/healthyworkplace.ie\\\/ga\\\/areas\\\/reimsi-follaine\\\/gniomhaiocht-choirp\\\/gniomhaiochtai-ar-leibheal-aonair\\\/#breadcrumb\",\"itemListElement\":[{\"@type\":\"ListItem\",\"position\":1,\"name\":\"Baile\",\"item\":\"https:\\\/\\\/healthyworkplace.ie\\\/ga\\\/\"},{\"@type\":\"ListItem\",\"position\":2,\"name\":\"Foll\u00e1ine san Obair\",\"item\":\"https:\\\/\\\/healthyworkplace.ie\\\/ga\\\/areas\\\/\"},{\"@type\":\"ListItem\",\"position\":3,\"name\":\"R\u00e9ims\u00ed Foll\u00e1ine\",\"item\":\"https:\\\/\\\/healthyworkplace.ie\\\/ga\\\/areas\\\/reimsi-follaine\\\/\"},{\"@type\":\"ListItem\",\"position\":4,\"name\":\"Gn\u00edomha\u00edocht Choirp\",\"item\":\"https:\\\/\\\/healthyworkplace.ie\\\/ga\\\/areas\\\/wellbeing-areas\\\/physical-activity\\\/\"},{\"@type\":\"ListItem\",\"position\":5,\"name\":\"Gn\u00edomha\u00edochta\u00ed ar leibh\u00e9al aonair\"}]},{\"@type\":\"WebSite\",\"@id\":\"https:\\\/\\\/healthyworkplace.ie\\\/ga\\\/#website\",\"url\":\"https:\\\/\\\/healthyworkplace.ie\\\/ga\\\/\",\"name\":\"Healthy Ireland @ Work\",\"description\":\"Sl\u00e1inte agus foll\u00e1ine oibrithe a chur chun cinn laistigh de gach ionad oibre\",\"publisher\":{\"@id\":\"https:\\\/\\\/healthyworkplace.ie\\\/ga\\\/#organization\"},\"alternateName\":\"Healthy Workplace\",\"potentialAction\":[{\"@type\":\"SearchAction\",\"target\":{\"@type\":\"EntryPoint\",\"urlTemplate\":\"https:\\\/\\\/healthyworkplace.ie\\\/ga\\\/?s={search_term_string}\"},\"query-input\":{\"@type\":\"PropertyValueSpecification\",\"valueRequired\":true,\"valueName\":\"search_term_string\"}}],\"inLanguage\":\"ga-IE\"},{\"@type\":\"Organization\",\"@id\":\"https:\\\/\\\/healthyworkplace.ie\\\/ga\\\/#organization\",\"name\":\"Healthy Workplace Ireland\",\"url\":\"https:\\\/\\\/healthyworkplace.ie\\\/ga\\\/\",\"logo\":{\"@type\":\"ImageObject\",\"inLanguage\":\"ga-IE\",\"@id\":\"https:\\\/\\\/healthyworkplace.ie\\\/ga\\\/#\\\/schema\\\/logo\\\/image\\\/\",\"url\":\"https:\\\/\\\/healthyworkplace.ie\\\/wp-content\\\/uploads\\\/2022\\\/06\\\/healthyucd-HealthyIreland3.png\",\"contentUrl\":\"https:\\\/\\\/healthyworkplace.ie\\\/wp-content\\\/uploads\\\/2022\\\/06\\\/healthyucd-HealthyIreland3.png\",\"width\":150,\"height\":150,\"caption\":\"Healthy Workplace Ireland\"},\"image\":{\"@id\":\"https:\\\/\\\/healthyworkplace.ie\\\/ga\\\/#\\\/schema\\\/logo\\\/image\\\/\"}}]}<\/script>\n<!-- \/ Yoast SEO plugin. -->","yoast_head_json":{"title":"Gn\u00edomha\u00edochta\u00ed ar leibh\u00e9al aonair - Healthy Workplace Ireland","description":"Is d\u00f3cha go nd\u00edreoidh do thionscnaimh foll\u00e1ine ar an leibh\u00e9al aonair ar fheasacht a mh\u00fascailt agus\/n\u00f3 scileanna a th\u00f3g\u00e1il chun an r\u00e9imse foll\u00e1ine seo a bhainisti\u00fa.","robots":{"index":"index","follow":"follow","max-snippet":"max-snippet:-1","max-image-preview":"max-image-preview:large","max-video-preview":"max-video-preview:-1"},"canonical":"https:\/\/healthyworkplace.ie\/ga\/areas\/reimsi-follaine\/gniomhaiocht-choirp\/gniomhaiochtai-ar-leibheal-aonair\/","og_locale":"ga_IE","og_type":"article","og_title":"Gn\u00edomha\u00edochta\u00ed ar leibh\u00e9al aonair - Healthy Workplace Ireland","og_description":"Is d\u00f3cha go nd\u00edreoidh do thionscnaimh foll\u00e1ine ar an leibh\u00e9al aonair ar fheasacht a mh\u00fascailt agus\/n\u00f3 scileanna a th\u00f3g\u00e1il chun an r\u00e9imse foll\u00e1ine seo a bhainisti\u00fa.","og_url":"https:\/\/healthyworkplace.ie\/ga\/areas\/reimsi-follaine\/gniomhaiocht-choirp\/gniomhaiochtai-ar-leibheal-aonair\/","og_site_name":"Healthy Workplace Ireland","article_modified_time":"2023-07-13T15:25:23+00:00","twitter_card":"summary_large_image","twitter_misc":{"Est. reading time":"5 minutes"},"schema":{"@context":"https:\/\/schema.org","@graph":[{"@type":"WebPage","@id":"https:\/\/healthyworkplace.ie\/ga\/areas\/reimsi-follaine\/gniomhaiocht-choirp\/gniomhaiochtai-ar-leibheal-aonair\/","url":"https:\/\/healthyworkplace.ie\/ga\/areas\/reimsi-follaine\/gniomhaiocht-choirp\/gniomhaiochtai-ar-leibheal-aonair\/","name":"Gn\u00edomha\u00edochta\u00ed ar leibh\u00e9al aonair - Healthy Workplace Ireland","isPartOf":{"@id":"https:\/\/healthyworkplace.ie\/ga\/#website"},"datePublished":"2022-12-14T10:22:23+00:00","dateModified":"2023-07-13T15:25:23+00:00","description":"Is d\u00f3cha go nd\u00edreoidh do thionscnaimh foll\u00e1ine ar an leibh\u00e9al aonair ar fheasacht a mh\u00fascailt agus\/n\u00f3 scileanna a th\u00f3g\u00e1il chun an r\u00e9imse foll\u00e1ine seo a bhainisti\u00fa.","breadcrumb":{"@id":"https:\/\/healthyworkplace.ie\/ga\/areas\/reimsi-follaine\/gniomhaiocht-choirp\/gniomhaiochtai-ar-leibheal-aonair\/#breadcrumb"},"inLanguage":"ga-IE","potentialAction":[{"@type":"ReadAction","target":["https:\/\/healthyworkplace.ie\/ga\/areas\/reimsi-follaine\/gniomhaiocht-choirp\/gniomhaiochtai-ar-leibheal-aonair\/"]}]},{"@type":"BreadcrumbList","@id":"https:\/\/healthyworkplace.ie\/ga\/areas\/reimsi-follaine\/gniomhaiocht-choirp\/gniomhaiochtai-ar-leibheal-aonair\/#breadcrumb","itemListElement":[{"@type":"ListItem","position":1,"name":"Baile","item":"https:\/\/healthyworkplace.ie\/ga\/"},{"@type":"ListItem","position":2,"name":"Foll\u00e1ine san Obair","item":"https:\/\/healthyworkplace.ie\/ga\/areas\/"},{"@type":"ListItem","position":3,"name":"R\u00e9ims\u00ed Foll\u00e1ine","item":"https:\/\/healthyworkplace.ie\/ga\/areas\/reimsi-follaine\/"},{"@type":"ListItem","position":4,"name":"Gn\u00edomha\u00edocht Choirp","item":"https:\/\/healthyworkplace.ie\/ga\/areas\/wellbeing-areas\/physical-activity\/"},{"@type":"ListItem","position":5,"name":"Gn\u00edomha\u00edochta\u00ed ar leibh\u00e9al aonair"}]},{"@type":"WebSite","@id":"https:\/\/healthyworkplace.ie\/ga\/#website","url":"https:\/\/healthyworkplace.ie\/ga\/","name":"Healthy Ireland @ Work","description":"Sl\u00e1inte agus foll\u00e1ine oibrithe a chur chun cinn laistigh de gach ionad oibre","publisher":{"@id":"https:\/\/healthyworkplace.ie\/ga\/#organization"},"alternateName":"Healthy Workplace","potentialAction":[{"@type":"SearchAction","target":{"@type":"EntryPoint","urlTemplate":"https:\/\/healthyworkplace.ie\/ga\/?s={search_term_string}"},"query-input":{"@type":"PropertyValueSpecification","valueRequired":true,"valueName":"search_term_string"}}],"inLanguage":"ga-IE"},{"@type":"Organization","@id":"https:\/\/healthyworkplace.ie\/ga\/#organization","name":"Healthy Workplace Ireland","url":"https:\/\/healthyworkplace.ie\/ga\/","logo":{"@type":"ImageObject","inLanguage":"ga-IE","@id":"https:\/\/healthyworkplace.ie\/ga\/#\/schema\/logo\/image\/","url":"https:\/\/healthyworkplace.ie\/wp-content\/uploads\/2022\/06\/healthyucd-HealthyIreland3.png","contentUrl":"https:\/\/healthyworkplace.ie\/wp-content\/uploads\/2022\/06\/healthyucd-HealthyIreland3.png","width":150,"height":150,"caption":"Healthy Workplace Ireland"},"image":{"@id":"https:\/\/healthyworkplace.ie\/ga\/#\/schema\/logo\/image\/"}}]}},"_links":{"self":[{"href":"https:\/\/healthyworkplace.ie\/ga\/wp-json\/wp\/v2\/areas\/2854","targetHints":{"allow":["GET"]}}],"collection":[{"href":"https:\/\/healthyworkplace.ie\/ga\/wp-json\/wp\/v2\/areas"}],"about":[{"href":"https:\/\/healthyworkplace.ie\/ga\/wp-json\/wp\/v2\/types\/areas"}],"version-history":[{"count":1,"href":"https:\/\/healthyworkplace.ie\/ga\/wp-json\/wp\/v2\/areas\/2854\/revisions"}],"predecessor-version":[{"id":2855,"href":"https:\/\/healthyworkplace.ie\/ga\/wp-json\/wp\/v2\/areas\/2854\/revisions\/2855"}],"up":[{"embeddable":true,"href":"https:\/\/healthyworkplace.ie\/ga\/wp-json\/wp\/v2\/areas\/2849"}],"wp:attachment":[{"href":"https:\/\/healthyworkplace.ie\/ga\/wp-json\/wp\/v2\/media?parent=2854"}],"curies":[{"name":"wp","href":"https:\/\/api.w.org\/{rel}","templated":true}]}}