{"id":2856,"date":"2022-09-22T11:56:50","date_gmt":"2022-09-22T10:56:50","guid":{"rendered":"https:\/\/healthyworkplace.ie\/areas\/reimsi-follaine\/alcol-agus-drugai\/"},"modified":"2023-05-05T15:21:46","modified_gmt":"2023-05-05T14:21:46","slug":"alcol-agus-drugai","status":"publish","type":"areas","link":"https:\/\/healthyworkplace.ie\/ga\/areas\/reimsi-follaine\/alcol-agus-drugai\/","title":{"rendered":"Alc\u00f3l agus Druga\u00ed"},"content":{"rendered":"\n<p>Is ionad oibre n\u00edos s\u00e1bh\u00e1ilte agus n\u00edos t\u00e1irgi\u00fala \u00e9 ionad oibre at\u00e1 saor \u00f3 alc\u00f3l agus druga\u00ed le riosca n\u00edos \u00edsle de ghalar ainsealach agus deacrachta\u00ed meabhairshl\u00e1inte i do lucht saothair. <\/p>\n\n<p>Seachas an dualgas dl\u00edthi\u00fail sl\u00e1inte d&#8217;fhostaithe a chosaint, t\u00e1 go leor bunt\u00e1ist\u00ed ag baint le dul i ngleic le halc\u00f3l agus druga\u00ed san ionad oibre. Is acmhainn iontach \u00ed Healthy Working Wales agus leagtar b\u00e9im ar na bunt\u00e1ist\u00ed seo:<\/p>\n\n<ul class=\"wp-block-list\">\n<li>S\u00e1bh\u00e1iltear costais nuair a choinn\u00edtear fostaithe sl\u00e1inti\u00fala (t\u00f3gann s\u00e9 am agus t\u00e1 s\u00e9 costasach fostaithe nua a earc\u00fa agus athoili\u00faint a chur orthu chun fostaithe nua a chur in ionad fostaithe a chailltear mar gheall ar alc\u00f3l agus druga\u00ed)<\/li>\n\n\n\n<li>S\u00e1bh\u00e1iltear costais mar gheall ar neamhl\u00e1ithreacht agus t\u00e1irgi\u00falacht lagaithe mar gheall ar easpa airde agus drochfheidhm\u00edocht oibre.<\/li>\n\n\n\n<li>Comhlean\u00fanachas lucht oibre feabhsaithe toisc go bhfuil baint ag athr\u00fa gi\u00famair agus greannaitheacht le h\u00fas\u00e1id alc\u00f3il agus druga\u00ed.<\/li>\n\n\n\n<li>Meabhairshl\u00e1inte fheabhsaithe an lucht oibre mar is f\u00e9idir le h\u00fas\u00e1id alc\u00f3il agus druga\u00ed tionchar di\u00faltach a bheith acu ar mheabhairshl\u00e1inte.<\/li>\n\n\n\n<li>S\u00e1bh\u00e1ilteacht fheabhsaithe agus riosca laghdaithe timpist\u00ed mar gheall ar bhreithi\u00fanas lagaithe.<\/li>\n\n\n\n<li>Feabhas ar ch\u00e1il mar fhost\u00f3ir freagrach chun tuiscint\u00ed agus earca\u00edocht phoibl\u00ed a bharrfheabhs\u00fa.<\/li>\n\n\n\n<li>Rannchuidi\u00fa don tsocha\u00ed chun dul i ngleic le saincheist th\u00e1bhachtach<\/li>\n<\/ul>\n\n<p>Seo c\u00fapla acmhainn gasta duit chun t\u00fas a chur leis:<\/p>\n<section>\n  <div class=\"row posts areas row-cols-1 row-cols-md-2 row-cols-xl-2 g-4 mb-5\">\n     <div class=\"col\">\n   <article class=\"card border-tertiary post-2331 resources type-resources status-publish hentry resource_categories-manager-capacity\">\n      <div class=\"card-body pt-4 px-5\">\n    <h2 class=\"entry-title h3 card-title pb-3\">\n      <a href=\"https:\/\/healthyworkplace.ie\/ga\/resources\/guidance-for-managing-drug-and-alcohol-misuse-at-work\/\" class=\"link-primary text-decoration-none \">\n      Guidance for Managing Drug and Alcohol Misuse at Work\n      <\/a>\n    <\/h2>\n    <p class=\"card-meta text-dark d-none\">\n    <time class=\"updated\" datetime=\"2023-04-04T16:37:39+00:00\">\n  04\/04\/2023\n<\/time>\n\n\n<meta itemprop=\"author\" content=\"Healthy Workplace\" \/>\n    \n    <\/p>\n\n    <div class=\"entry-summary card-text\"><p>This CIPD website offers practical guidance for employers and line managers on how to manage and support employees, including advice on policy, training and links to further resources. Download their free resources and view their key recommendations here.<\/p>\n<\/div>\n  <\/div>\n  <div class=\"card-footer py-0 pb-2 px-5 border-0 bg-transparent\">\n    <p class=\"card-links\">\n                  <a class=\"me-2 my-1 btn btn-sm btn-outline-secondary\" href=\"https:\/\/www.cipd.co.uk\/knowledge\/culture\/well-being\/drug-alcohol-misuse-work-guide#gref\" target=\"_blank\"\n      rel=\"noreferrer noopener\"\n      title=\"Guide on how to manage drug and alcohol misuse at work\"\n      data-bs-toggle=\"tooltip\">\n        <span class=\"me-1\">Visit<\/span>\n                  <svg class=\"icon icon-box-arrow-up-right sw-1 mb-1 \" >\n  <use xlink:href=\"https:\/\/healthyworkplace.ie\/wp-content\/themes\/healthyworkplace-theme\/symbol-defs.svg#icon-box-arrow-up-right\"><\/use>\n<\/svg>\n              <\/a>\n    \n        <\/p>\n    <\/div>\n<\/article>\n  <\/div>\n     <div class=\"col\">\n   <article class=\"card border-tertiary post-1894 resources type-resources status-publish hentry resource_categories-national-policies-organisation-level-activities-alcohol-and-drugs\">\n      <div class=\"card-body pt-4 px-5\">\n    <h2 class=\"entry-title h3 card-title pb-3\">\n      <a href=\"https:\/\/healthyworkplace.ie\/ga\/resources\/gov-ie-reducing-harm-supporting-recovery-2017-2025\/\" class=\"link-primary text-decoration-none \">\n      Reducing Harm, Supporting Recovery\n      <\/a>\n    <\/h2>\n    <p class=\"card-meta text-dark d-none\">\n    <time class=\"updated\" datetime=\"2023-02-02T10:42:05+00:00\">\n  02\/02\/2023\n<\/time>\n\n\n<meta itemprop=\"author\" content=\"Healthy Workplace\" \/>\n    \n    <\/p>\n\n    <div class=\"entry-summary card-text\"><p>The vision of this national drug strategy is to create a \u201chealthier and safer Ireland, where public health and safety is protected and the harms caused to individuals, families and communities by substance misuse are reduced and every person affected &hellip;<\/p>\n<\/div>\n  <\/div>\n  <div class=\"card-footer py-0 pb-2 px-5 border-0 bg-transparent\">\n    <p class=\"card-links\">\n                  <a class=\"me-2 my-1 btn btn-sm btn-outline-secondary\" href=\"https:\/\/www.gov.ie\/en\/publication\/4e5630-reducing-harm-supporting-recovery-2017-2025\/\" target=\"_blank\"\n      rel=\"noreferrer noopener\"\n      title=\"Reducing Harm, Supporting Recovery\"\n      data-bs-toggle=\"tooltip\">\n        <span class=\"me-1\">Visit<\/span>\n                  <svg class=\"icon icon-box-arrow-up-right sw-1 mb-1 \" >\n  <use xlink:href=\"https:\/\/healthyworkplace.ie\/wp-content\/themes\/healthyworkplace-theme\/symbol-defs.svg#icon-box-arrow-up-right\"><\/use>\n<\/svg>\n              <\/a>\n    \n        <\/p>\n    <\/div>\n<\/article>\n  <\/div>\n     <div class=\"col\">\n   <article class=\"card border-tertiary post-1883 resources type-resources status-publish hentry resource_categories-alcohol-and-drug-policy\">\n      <div class=\"card-body pt-4 px-5\">\n    <h2 class=\"entry-title h3 card-title pb-3\">\n      <a href=\"https:\/\/healthyworkplace.ie\/ga\/resources\/drugs-ie-alcohol-and-drugs-policy-templates\/\" class=\"link-primary text-decoration-none \">\n      Policy Templates\n      <\/a>\n    <\/h2>\n    <p class=\"card-meta text-dark d-none\">\n    <time class=\"updated\" datetime=\"2023-01-31T19:30:14+00:00\">\n  31\/01\/2023\n<\/time>\n\n\n<meta itemprop=\"author\" content=\"Healthy Workplace\" \/>\n    \n    <\/p>\n\n    <div class=\"entry-summary card-text\"><p>Drugs.ie has a comprehensive listing of policy templates to help you create your own. If you scroll down to section 3. Service Provision Policies, you&#8217;ll find a few templates relevant to this wellbeing area.<\/p>\n<\/div>\n  <\/div>\n  <div class=\"card-footer py-0 pb-2 px-5 border-0 bg-transparent\">\n    <p class=\"card-links\">\n                  <a class=\"me-2 my-1 btn btn-sm btn-outline-secondary\" href=\"http:\/\/www.drugs.ie\/policies\" target=\"_blank\"\n      rel=\"noreferrer noopener\"\n      title=\"Policy Templates\"\n      data-bs-toggle=\"tooltip\">\n        <span class=\"me-1\">Visit<\/span>\n                  <svg class=\"icon icon-box-arrow-up-right sw-1 mb-1 \" >\n  <use xlink:href=\"https:\/\/healthyworkplace.ie\/wp-content\/themes\/healthyworkplace-theme\/symbol-defs.svg#icon-box-arrow-up-right\"><\/use>\n<\/svg>\n              <\/a>\n    \n        <\/p>\n    <\/div>\n<\/article>\n  <\/div>\n     <div class=\"col\">\n   <article class=\"card border-tertiary post-1503 resources type-resources status-publish hentry resource_categories-raise-awareness-individual-level-activities-alcohol-and-drugs resource_categories-alcohol-and-drugs-links\">\n      <div class=\"card-body pt-4 px-5\">\n    <h2 class=\"entry-title h3 card-title pb-3\">\n      <a href=\"https:\/\/healthyworkplace.ie\/ga\/resources\/citywide\/\" class=\"link-primary text-decoration-none \">\n      Citywide\n      <\/a>\n    <\/h2>\n    <p class=\"card-meta text-dark d-none\">\n    <time class=\"updated\" datetime=\"2022-12-14T21:44:18+00:00\">\n  14\/12\/2022\n<\/time>\n\n\n<meta itemprop=\"author\" content=\"Healthy Workplace\" \/>\n    \n    <\/p>\n\n    <div class=\"entry-summary card-text\"><p>CityWide Drugs Crisis Campaign is a national network of community activists and organisations that are involved in responding to Ireland&#8217;s drugs crisis. We work to promote and support a community development approach to the drugs problem &#8211; this means involving &hellip;<\/p>\n<\/div>\n  <\/div>\n  <div class=\"card-footer py-0 pb-2 px-5 border-0 bg-transparent\">\n    <p class=\"card-links\">\n                  <a class=\"me-2 my-1 btn btn-sm btn-outline-secondary\" href=\"https:\/\/www.citywide.ie\/\" target=\"_blank\"\n      rel=\"noreferrer noopener\"\n      title=\"Visit https:\/\/www.citywide.ie\/\"\n      data-bs-toggle=\"tooltip\">\n        <span class=\"me-1\">Visit<\/span>\n                  <svg class=\"icon icon-box-arrow-up-right sw-1 mb-1 \" >\n  <use xlink:href=\"https:\/\/healthyworkplace.ie\/wp-content\/themes\/healthyworkplace-theme\/symbol-defs.svg#icon-box-arrow-up-right\"><\/use>\n<\/svg>\n              <\/a>\n    \n        <\/p>\n    <\/div>\n<\/article>\n  <\/div>\n    <\/div> <!-- \/ row posts -->\n<\/section>\n\n\n<p>C\u00e9 go bhfuil na hacmhainn\u00ed seo ina gcuidi\u00fa chun t\u00fas a chur leis, t\u00e1 s\u00e9 an-t\u00e1bhachtach do ghn\u00edomha\u00edochta\u00ed foll\u00e1ine san ionad oibre a phlean\u00e1il go c\u00faramach. L\u00e9ir\u00edonn taighde gur cheart do gach gn\u00edomha\u00edocht a dh\u00edr\u00edonn ar an bhfosta\u00ed aonair a chomhcheangal le gn\u00edomha\u00edochta\u00ed ar leibh\u00e9al na heagra\u00edochta. I bhfocail eile, ba cheart duit bearta a ghlacadh i gc\u00f3na\u00ed chun timpeallacht eagra\u00edocht\u00fail thac\u00fail a chruth\u00fa in \u00e9ineacht le taca\u00edochta\u00ed at\u00e1 d\u00edrithe ar st\u00edl mhaireacht\u00e1la do d\u2019fhostaithe. T\u00e1 comhairle mhionsonraithe curtha ar f\u00e1il againn maidir leis an mbealach is fearr do ghn\u00edomha\u00edochta\u00ed a phlean\u00e1il ag an d\u00e1 leibh\u00e9al seo.<\/p>\n<section>\n<div class=\"row posts areas row-cols-1 row-cols-md-1 row-cols-xl-1 g-4 mb-5\">\n     <div class=\"col\">\n  <article class=\"card post-3007 areas type-areas status-publish has-post-thumbnail hentry\">\n  <div class=\"card-body py-5 px-5\">\n    <div class=\"row\">\n            <div class=\"col-3 col-md-4 col-lg-3\">\n      <figure class=\"float-start figure-icon\">\n        <img loading=\"lazy\" decoding=\"async\" width=\"576\" height=\"1\" src=\"https:\/\/healthyworkplace.ie\/wp-content\/uploads\/2022\/09\/Firststeps-area-figure-orange-tshirt-cap-1.svg\" class=\"img-fluid wp-post-image\" alt=\"First steps area figure with orange t-shirt and green cap\" \/>      <\/figure>\n    <\/div>\n    <div class=\"col-9 col-md-12 col-lg-9\">\n        <h2 class=\"entry-title h3 card-title mt-0\">\n      <a href=\"https:\/\/healthyworkplace.ie\/ga\/areas\/na-chead-cheimeanna\/\" class=\"stretched-link link-primary text-decoration-none\">\n      Na ch\u00e9ad ch\u00e9imeanna\n      <\/a>\n    <\/h2>\n    <p class=\"d-none\">\n    <time class=\"updated\" datetime=\"2022-09-21T14:14:04+00:00\">\n  21\/09\/2022\n<\/time>\n\n\n<meta itemprop=\"author\" content=\"Healthy Workplace\" \/>\n    <\/p>\n\n        <div class=\"entry-summary card-text pt-3\"><p>Treoracha mionsonraithe c\u00e9im ar ch\u00e9im maidir le conas an Creat um Ionad Oibre Sl\u00e1inti\u00fail a chur i bhfeidhm i d\u2019ionad oibre \u00f3n mbun\u00fas agus n\u00edos faide anonn.<\/p>\n<\/div>\n      <\/div>\n    <\/div>\n  <\/div>\n<\/article>\n  <\/div>\n     <div class=\"col\">\n  <article class=\"card post-3208 areas type-areas status-publish has-post-thumbnail hentry\">\n  <div class=\"card-body py-5 px-5\">\n    <div class=\"row\">\n            <div class=\"col-3 col-md-4 col-lg-3\">\n      <figure class=\"float-start figure-icon\">\n        <img loading=\"lazy\" decoding=\"async\" width=\"576\" height=\"1\" src=\"https:\/\/healthyworkplace.ie\/wp-content\/uploads\/2022\/11\/Training-area-figure-grey-hair-glasses.svg\" class=\"img-fluid wp-post-image\" alt=\"Training Area Figure-\" \/>      <\/figure>\n    <\/div>\n    <div class=\"col-9 col-md-12 col-lg-9\">\n        <h2 class=\"entry-title h3 card-title mt-0\">\n      <a href=\"https:\/\/healthyworkplace.ie\/ga\/areas\/oiliuint-agus-oideachas\/\" class=\"stretched-link link-primary text-decoration-none\">\n      Oili\u00faint agus Oideachas\n      <\/a>\n    <\/h2>\n    <p class=\"d-none\">\n    <time class=\"updated\" datetime=\"2022-11-22T17:44:05+00:00\">\n  22\/11\/2022\n<\/time>\n\n\n<meta itemprop=\"author\" content=\"Healthy Workplace\" \/>\n    <\/p>\n\n        <div class=\"entry-summary card-text pt-3\"><p>Cuir feabhas ar do thuiscint agus uas-scil do dhinti\u00fair le hoili\u00faint agus oideachas i gc\u00farsa\u00ed foll\u00e1ine san ionad oibre \u00e9ags\u00fala.<\/p>\n<\/div>\n      <\/div>\n    <\/div>\n  <\/div>\n<\/article>\n  <\/div>\n     <div class=\"col\">\n  <article class=\"card post-2815 areas type-areas status-publish has-post-thumbnail hentry\">\n  <div class=\"card-body py-5 px-5\">\n    <div class=\"row\">\n            <div class=\"col-3 col-md-4 col-lg-3\">\n      <figure class=\"float-start figure-icon\">\n        <img loading=\"lazy\" decoding=\"async\" width=\"576\" height=\"1\" src=\"https:\/\/healthyworkplace.ie\/wp-content\/uploads\/2022\/09\/Wellbeing-area-figure-nurse-1.svg\" class=\"img-fluid wp-post-image\" alt=\"Wellbeing area figure: nurse\" \/>      <\/figure>\n    <\/div>\n    <div class=\"col-9 col-md-12 col-lg-9\">\n        <h2 class=\"entry-title h3 card-title mt-0\">\n      <a href=\"https:\/\/healthyworkplace.ie\/ga\/areas\/reimsi-follaine\/\" class=\"stretched-link link-primary text-decoration-none\">\n      R\u00e9ims\u00ed Foll\u00e1ine\n      <\/a>\n    <\/h2>\n    <p class=\"d-none\">\n    <time class=\"updated\" datetime=\"2022-09-19T12:52:17+00:00\">\n  19\/09\/2022\n<\/time>\n\n\n<meta itemprop=\"author\" content=\"Healthy Workplace\" \/>\n    <\/p>\n\n        <div class=\"entry-summary card-text pt-3\"><p>Faisn\u00e9is agus acmhainn\u00ed reatha ar na h\u00e1bhair foll\u00e1ine is t\u00e1bhachta\u00ed, agus naisc phobail chun t\u00fa a nascadh le saineolaithe \u00f3 gach earn\u00e1il chun do thionscnamh a fheabhs\u00fa.<\/p>\n<\/div>\n      <\/div>\n    <\/div>\n  <\/div>\n<\/article>\n  <\/div>\n     <div class=\"col\">\n  <article class=\"card post-2997 areas type-areas status-publish has-post-thumbnail hentry\">\n  <div class=\"card-body py-5 px-5\">\n    <div class=\"row\">\n            <div class=\"col-3 col-md-4 col-lg-3\">\n      <figure class=\"float-start figure-icon\">\n        <img loading=\"lazy\" decoding=\"async\" width=\"576\" height=\"1\" src=\"https:\/\/healthyworkplace.ie\/wp-content\/uploads\/2022\/11\/Training-area-bearded-man-tablet-1-colour-variant.svg\" class=\"img-fluid wp-post-image\" alt=\"Wellbeing area bearded-man with tablet\" \/>      <\/figure>\n    <\/div>\n    <div class=\"col-9 col-md-12 col-lg-9\">\n        <h2 class=\"entry-title h3 card-title mt-0\">\n      <a href=\"https:\/\/healthyworkplace.ie\/ga\/areas\/limistear-fbm\/\" class=\"stretched-link link-primary text-decoration-none\">\n      Limist\u00e9ar FBM\n      <\/a>\n    <\/h2>\n    <p class=\"d-none\">\n    <time class=\"updated\" datetime=\"2022-11-22T17:41:23+00:00\">\n  22\/11\/2022\n<\/time>\n\n\n<meta itemprop=\"author\" content=\"Healthy Workplace\" \/>\n    <\/p>\n\n        <div class=\"entry-summary card-text pt-3\"><p>Mar fhiontar beag n\u00f3 me\u00e1nmh\u00e9ide, t\u00e1 a fhios againn go bhfuil do chuid riachtanas uath\u00fail T\u00e1 s\u00e9 mar aidhm againn anseo acmhainn\u00ed n\u00edos spriocdh\u00edrithe a chur ar f\u00e1il chun cabhr\u00fa le do chumas a fhorbairt chun d&#8217;Ionad Oibre Sl\u00e1inti\u00fail a chruth\u00fa.<\/p>\n<\/div>\n      <\/div>\n    <\/div>\n  <\/div>\n<\/article>\n  <\/div>\n     <div class=\"col\">\n  <article class=\"card post-2999 areas type-areas status-publish has-post-thumbnail hentry\">\n  <div class=\"card-body py-5 px-5\">\n    <div class=\"row\">\n            <div class=\"col-3 col-md-4 col-lg-3\">\n      <figure class=\"float-start figure-icon\">\n        <img loading=\"lazy\" decoding=\"async\" width=\"576\" height=\"1\" src=\"https:\/\/healthyworkplace.ie\/wp-content\/uploads\/2022\/09\/Research-area-figure-lab-1.svg\" class=\"img-fluid wp-post-image\" alt=\"Research area figure: lab technician\" \/>      <\/figure>\n    <\/div>\n    <div class=\"col-9 col-md-12 col-lg-9\">\n        <h2 class=\"entry-title h3 card-title mt-0\">\n      <a href=\"https:\/\/healthyworkplace.ie\/ga\/areas\/taighde-agus-fianaise\/\" class=\"stretched-link link-primary text-decoration-none\">\n      Taighde agus Fianaise\n      <\/a>\n    <\/h2>\n    <p class=\"d-none\">\n    <time class=\"updated\" datetime=\"2022-11-22T17:42:29+00:00\">\n  22\/11\/2022\n<\/time>\n\n\n<meta itemprop=\"author\" content=\"Healthy Workplace\" \/>\n    <\/p>\n\n        <div class=\"entry-summary card-text pt-3\"><p>Rinneadh iarracht mh\u00f3r athbhreithni\u00fa a dh\u00e9anamh ar an litr\u00edocht idirn\u00e1isi\u00fanta agus dul i gcomhairle le pr\u00edomhshaineolaithe agus pr\u00edomhph\u00e1irtithe leasmhara maidir le Creat Ionad Oibre Sl\u00e1inti\u00fail na h\u00c9ireann a chruth\u00fa. Cuirimid an corpas oibre seo i l\u00e1thair sa chuid seo.<\/p>\n<\/div>\n      <\/div>\n    <\/div>\n  <\/div>\n<\/article>\n  <\/div>\n     <div class=\"col\">\n  <article class=\"card post-3001 areas type-areas status-publish has-post-thumbnail hentry\">\n  <div class=\"card-body py-5 px-5\">\n    <div class=\"row\">\n            <div class=\"col-3 col-md-4 col-lg-3\">\n      <figure class=\"float-start figure-icon\">\n        <img loading=\"lazy\" decoding=\"async\" width=\"576\" height=\"1\" src=\"https:\/\/healthyworkplace.ie\/wp-content\/uploads\/2022\/10\/Casestudies-area-figure-skirt-report-blue-1.svg\" class=\"img-fluid wp-post-image\" alt=\"Case studies area figure with blue hair, skirt, and report\" \/>      <\/figure>\n    <\/div>\n    <div class=\"col-9 col-md-12 col-lg-9\">\n        <h2 class=\"entry-title h3 card-title mt-0\">\n      <a href=\"https:\/\/healthyworkplace.ie\/ga\/areas\/cas-staideir\/\" class=\"stretched-link link-primary text-decoration-none\">\n      C\u00e1s-staid\u00e9ir\n      <\/a>\n    <\/h2>\n    <p class=\"d-none\">\n    <time class=\"updated\" datetime=\"2022-10-18T17:59:43+00:00\">\n  18\/10\/2022\n<\/time>\n\n\n<meta itemprop=\"author\" content=\"Healthy Workplace\" \/>\n    <\/p>\n\n        <div class=\"entry-summary card-text pt-3\"><p>Mar chuid den tionscadal seo, t\u00e1 roinnt c\u00e1s-staid\u00e9ir, a thaispe\u00e1nann dea-chleachtas i foll\u00e1ine san ionad oibre, bailithe. T\u00e1thar ag s\u00fail go gcuirfidh na c\u00e1s-staid\u00e9ir seo treoir ar f\u00e1il d&#8217;ionaid oibre eile ar mian leo dul i mbun foll\u00e1ine san ionad oibre a chur chun cinn ina n-eagra\u00edocht.<\/p>\n<\/div>\n      <\/div>\n    <\/div>\n  <\/div>\n<\/article>\n  <\/div>\n     <div class=\"col\">\n  <article class=\"card post-2894 areas type-areas status-publish has-post-thumbnail hentry\">\n  <div class=\"card-body py-5 px-5\">\n    <div class=\"row\">\n            <div class=\"col-3 col-md-4 col-lg-3\">\n      <figure class=\"float-start figure-icon\">\n        <img loading=\"lazy\" decoding=\"async\" width=\"576\" height=\"1\" src=\"https:\/\/healthyworkplace.ie\/wp-content\/uploads\/2022\/10\/Community-area-figure-vest-boots-1.svg\" class=\"img-fluid wp-post-image\" alt=\"Community area figure with vest and boots\" \/>      <\/figure>\n    <\/div>\n    <div class=\"col-9 col-md-12 col-lg-9\">\n        <h2 class=\"entry-title h3 card-title mt-0\">\n      <a href=\"https:\/\/healthyworkplace.ie\/ga\/areas\/nasc-pobail\/\" class=\"stretched-link link-primary text-decoration-none\">\n      Naisc Phobail\n      <\/a>\n    <\/h2>\n    <p class=\"d-none\">\n    <time class=\"updated\" datetime=\"2022-10-18T14:51:04+00:00\">\n  18\/10\/2022\n<\/time>\n\n\n<meta itemprop=\"author\" content=\"Healthy Workplace\" \/>\n    <\/p>\n\n        <div class=\"entry-summary card-text pt-3\"><p>D\u00e9an teagmh\u00e1il le heagra\u00edochta\u00ed a thaca\u00edonn le l\u00e1ithreacha oibre na h\u00c9ireann chun cl\u00e1ir sl\u00e1inte san ionad oibre a chur i bhfeidhm.<\/p>\n<\/div>\n      <\/div>\n    <\/div>\n  <\/div>\n<\/article>\n  <\/div>\n  <\/div>\n<\/section>\n\n\n<figure class=\"wp-block-pullquote\"><blockquote><p>Cailleadh n\u00edos m\u00f3 n\u00e1 283,866 l\u00e1 oibre mar gheall ar neamhl\u00e1ithreachas san ionad oibre a bhain le halc\u00f3l in 2016, rud a d&#8217;fh\u00e9adfadh costas suas le 195 milli\u00fan a chur ar an ngeilleagar gach bliain, agus n\u00edos m\u00f3 costais f\u00f3s mar gheall ar thimpist\u00ed san ionad oibre agus caillteanas t\u00e1irgi\u00falachta.<\/p><\/blockquote><\/figure>\n","protected":false},"excerpt":{"rendered":"<p>Is ionad oibre n\u00edos s\u00e1bh\u00e1ilte agus n\u00edos t\u00e1irgi\u00fala \u00e9 ionad oibre at\u00e1 saor \u00f3 alc\u00f3l agus druga\u00ed le riosca n\u00edos \u00edsle de ghalar ainsealach agus deacrachta\u00ed meabhairshl\u00e1inte i do lucht &hellip;<\/p>\n","protected":false},"featured_media":2531,"parent":2815,"menu_order":51,"template":"","meta":{"_acf_changed":false,"inline_featured_image":false,"_monsterinsights_skip_tracking":false,"_monsterinsights_sitenote_active":false,"_monsterinsights_sitenote_note":"","_monsterinsights_sitenote_category":0,"_EventAllDay":false,"_EventTimezone":"","_EventStartDate":"","_EventEndDate":"","_EventStartDateUTC":"","_EventEndDateUTC":"","_EventShowMap":false,"_EventShowMapLink":false,"_EventURL":"","_EventCost":"","_EventCostDescription":"","_EventCurrencySymbol":"","_EventCurrencyCode":"","_EventCurrencyPosition":"","_EventDateTimeSeparator":"","_EventTimeRangeSeparator":"","_EventOrganizerID":[],"_EventVenueID":[],"_OrganizerEmail":"","_OrganizerPhone":"","_OrganizerWebsite":"","_VenueAddress":"","_VenueCity":"","_VenueCountry":"","_VenueProvince":"","_VenueState":"","_VenueZip":"","_VenuePhone":"","_VenueURL":"","_VenueStateProvince":"","_VenueLat":"","_VenueLng":"","_VenueShowMap":false,"_VenueShowMapLink":false,"footnotes":""},"class_list":["post-2856","areas","type-areas","status-publish","has-post-thumbnail","hentry"],"acf":[],"yoast_head":"<!-- This site is optimized with the Yoast SEO plugin v27.4 - https:\/\/yoast.com\/product\/yoast-seo-wordpress\/ -->\n<title>Alc\u00f3l agus Druga\u00ed - Healthy Workplace Ireland<\/title>\n<meta name=\"description\" content=\"Is ionad oibre n\u00edos s\u00e1bh\u00e1ilte agus n\u00edos t\u00e1irgi\u00fala \u00e9 ionad oibre at\u00e1 saor \u00f3 alc\u00f3l agus druga\u00ed le riosca n\u00edos \u00edsle de ghalar ainsealach agus deacrachta\u00ed\" \/>\n<meta name=\"robots\" content=\"index, follow, max-snippet:-1, max-image-preview:large, max-video-preview:-1\" \/>\n<link rel=\"canonical\" href=\"https:\/\/healthyworkplace.ie\/ga\/areas\/reimsi-follaine\/alcol-agus-drugai\/\" \/>\n<meta property=\"og:locale\" content=\"ga_IE\" \/>\n<meta property=\"og:type\" content=\"article\" \/>\n<meta property=\"og:title\" content=\"Alc\u00f3l agus Druga\u00ed - Healthy Workplace Ireland\" \/>\n<meta property=\"og:description\" content=\"Is ionad oibre n\u00edos s\u00e1bh\u00e1ilte agus n\u00edos t\u00e1irgi\u00fala \u00e9 ionad oibre at\u00e1 saor \u00f3 alc\u00f3l agus druga\u00ed le riosca n\u00edos \u00edsle de ghalar ainsealach agus deacrachta\u00ed\" \/>\n<meta property=\"og:url\" content=\"https:\/\/healthyworkplace.ie\/ga\/areas\/reimsi-follaine\/alcol-agus-drugai\/\" \/>\n<meta property=\"og:site_name\" content=\"Healthy Workplace Ireland\" \/>\n<meta property=\"article:modified_time\" content=\"2023-05-05T14:21:46+00:00\" \/>\n<meta name=\"twitter:card\" content=\"summary_large_image\" \/>\n<meta name=\"twitter:label1\" content=\"Est. reading time\" \/>\n\t<meta name=\"twitter:data1\" content=\"2 minutes\" \/>\n<script type=\"application\/ld+json\" class=\"yoast-schema-graph\">{\"@context\":\"https:\\\/\\\/schema.org\",\"@graph\":[{\"@type\":\"WebPage\",\"@id\":\"https:\\\/\\\/healthyworkplace.ie\\\/ga\\\/areas\\\/reimsi-follaine\\\/alcol-agus-drugai\\\/\",\"url\":\"https:\\\/\\\/healthyworkplace.ie\\\/ga\\\/areas\\\/reimsi-follaine\\\/alcol-agus-drugai\\\/\",\"name\":\"Alc\u00f3l agus Druga\u00ed - Healthy Workplace Ireland\",\"isPartOf\":{\"@id\":\"https:\\\/\\\/healthyworkplace.ie\\\/ga\\\/#website\"},\"primaryImageOfPage\":{\"@id\":\"https:\\\/\\\/healthyworkplace.ie\\\/ga\\\/areas\\\/reimsi-follaine\\\/alcol-agus-drugai\\\/#primaryimage\"},\"image\":{\"@id\":\"https:\\\/\\\/healthyworkplace.ie\\\/ga\\\/areas\\\/reimsi-follaine\\\/alcol-agus-drugai\\\/#primaryimage\"},\"thumbnailUrl\":\"https:\\\/\\\/healthyworkplace.ie\\\/wp-content\\\/uploads\\\/2022\\\/09\\\/alcohol.svg\",\"datePublished\":\"2022-09-22T10:56:50+00:00\",\"dateModified\":\"2023-05-05T14:21:46+00:00\",\"description\":\"Is ionad oibre n\u00edos s\u00e1bh\u00e1ilte agus n\u00edos t\u00e1irgi\u00fala \u00e9 ionad oibre at\u00e1 saor \u00f3 alc\u00f3l agus druga\u00ed le riosca n\u00edos \u00edsle de ghalar ainsealach agus deacrachta\u00ed\",\"breadcrumb\":{\"@id\":\"https:\\\/\\\/healthyworkplace.ie\\\/ga\\\/areas\\\/reimsi-follaine\\\/alcol-agus-drugai\\\/#breadcrumb\"},\"inLanguage\":\"ga-IE\",\"potentialAction\":[{\"@type\":\"ReadAction\",\"target\":[\"https:\\\/\\\/healthyworkplace.ie\\\/ga\\\/areas\\\/reimsi-follaine\\\/alcol-agus-drugai\\\/\"]}]},{\"@type\":\"ImageObject\",\"inLanguage\":\"ga-IE\",\"@id\":\"https:\\\/\\\/healthyworkplace.ie\\\/ga\\\/areas\\\/reimsi-follaine\\\/alcol-agus-drugai\\\/#primaryimage\",\"url\":\"https:\\\/\\\/healthyworkplace.ie\\\/wp-content\\\/uploads\\\/2022\\\/09\\\/alcohol.svg\",\"contentUrl\":\"https:\\\/\\\/healthyworkplace.ie\\\/wp-content\\\/uploads\\\/2022\\\/09\\\/alcohol.svg\",\"caption\":\"Alcohol\"},{\"@type\":\"BreadcrumbList\",\"@id\":\"https:\\\/\\\/healthyworkplace.ie\\\/ga\\\/areas\\\/reimsi-follaine\\\/alcol-agus-drugai\\\/#breadcrumb\",\"itemListElement\":[{\"@type\":\"ListItem\",\"position\":1,\"name\":\"Baile\",\"item\":\"https:\\\/\\\/healthyworkplace.ie\\\/ga\\\/\"},{\"@type\":\"ListItem\",\"position\":2,\"name\":\"Foll\u00e1ine san Obair\",\"item\":\"https:\\\/\\\/healthyworkplace.ie\\\/ga\\\/areas\\\/\"},{\"@type\":\"ListItem\",\"position\":3,\"name\":\"R\u00e9ims\u00ed Foll\u00e1ine\",\"item\":\"https:\\\/\\\/healthyworkplace.ie\\\/ga\\\/areas\\\/reimsi-follaine\\\/\"},{\"@type\":\"ListItem\",\"position\":4,\"name\":\"Alc\u00f3l agus Druga\u00ed\"}]},{\"@type\":\"WebSite\",\"@id\":\"https:\\\/\\\/healthyworkplace.ie\\\/ga\\\/#website\",\"url\":\"https:\\\/\\\/healthyworkplace.ie\\\/ga\\\/\",\"name\":\"Healthy Ireland @ Work\",\"description\":\"Sl\u00e1inte agus foll\u00e1ine oibrithe a chur chun cinn laistigh de gach ionad oibre\",\"publisher\":{\"@id\":\"https:\\\/\\\/healthyworkplace.ie\\\/ga\\\/#organization\"},\"alternateName\":\"Healthy Workplace\",\"potentialAction\":[{\"@type\":\"SearchAction\",\"target\":{\"@type\":\"EntryPoint\",\"urlTemplate\":\"https:\\\/\\\/healthyworkplace.ie\\\/ga\\\/?s={search_term_string}\"},\"query-input\":{\"@type\":\"PropertyValueSpecification\",\"valueRequired\":true,\"valueName\":\"search_term_string\"}}],\"inLanguage\":\"ga-IE\"},{\"@type\":\"Organization\",\"@id\":\"https:\\\/\\\/healthyworkplace.ie\\\/ga\\\/#organization\",\"name\":\"Healthy Workplace Ireland\",\"url\":\"https:\\\/\\\/healthyworkplace.ie\\\/ga\\\/\",\"logo\":{\"@type\":\"ImageObject\",\"inLanguage\":\"ga-IE\",\"@id\":\"https:\\\/\\\/healthyworkplace.ie\\\/ga\\\/#\\\/schema\\\/logo\\\/image\\\/\",\"url\":\"https:\\\/\\\/healthyworkplace.ie\\\/wp-content\\\/uploads\\\/2022\\\/06\\\/healthyucd-HealthyIreland3.png\",\"contentUrl\":\"https:\\\/\\\/healthyworkplace.ie\\\/wp-content\\\/uploads\\\/2022\\\/06\\\/healthyucd-HealthyIreland3.png\",\"width\":150,\"height\":150,\"caption\":\"Healthy Workplace Ireland\"},\"image\":{\"@id\":\"https:\\\/\\\/healthyworkplace.ie\\\/ga\\\/#\\\/schema\\\/logo\\\/image\\\/\"}}]}<\/script>\n<!-- \/ Yoast SEO plugin. -->","yoast_head_json":{"title":"Alc\u00f3l agus Druga\u00ed - Healthy Workplace Ireland","description":"Is ionad oibre n\u00edos s\u00e1bh\u00e1ilte agus n\u00edos t\u00e1irgi\u00fala \u00e9 ionad oibre at\u00e1 saor \u00f3 alc\u00f3l agus druga\u00ed le riosca n\u00edos \u00edsle de ghalar ainsealach agus deacrachta\u00ed","robots":{"index":"index","follow":"follow","max-snippet":"max-snippet:-1","max-image-preview":"max-image-preview:large","max-video-preview":"max-video-preview:-1"},"canonical":"https:\/\/healthyworkplace.ie\/ga\/areas\/reimsi-follaine\/alcol-agus-drugai\/","og_locale":"ga_IE","og_type":"article","og_title":"Alc\u00f3l agus Druga\u00ed - Healthy Workplace Ireland","og_description":"Is ionad oibre n\u00edos s\u00e1bh\u00e1ilte agus n\u00edos t\u00e1irgi\u00fala \u00e9 ionad oibre at\u00e1 saor \u00f3 alc\u00f3l agus druga\u00ed le riosca n\u00edos \u00edsle de ghalar ainsealach agus deacrachta\u00ed","og_url":"https:\/\/healthyworkplace.ie\/ga\/areas\/reimsi-follaine\/alcol-agus-drugai\/","og_site_name":"Healthy Workplace Ireland","article_modified_time":"2023-05-05T14:21:46+00:00","twitter_card":"summary_large_image","twitter_misc":{"Est. reading time":"2 minutes"},"schema":{"@context":"https:\/\/schema.org","@graph":[{"@type":"WebPage","@id":"https:\/\/healthyworkplace.ie\/ga\/areas\/reimsi-follaine\/alcol-agus-drugai\/","url":"https:\/\/healthyworkplace.ie\/ga\/areas\/reimsi-follaine\/alcol-agus-drugai\/","name":"Alc\u00f3l agus Druga\u00ed - Healthy Workplace Ireland","isPartOf":{"@id":"https:\/\/healthyworkplace.ie\/ga\/#website"},"primaryImageOfPage":{"@id":"https:\/\/healthyworkplace.ie\/ga\/areas\/reimsi-follaine\/alcol-agus-drugai\/#primaryimage"},"image":{"@id":"https:\/\/healthyworkplace.ie\/ga\/areas\/reimsi-follaine\/alcol-agus-drugai\/#primaryimage"},"thumbnailUrl":"https:\/\/healthyworkplace.ie\/wp-content\/uploads\/2022\/09\/alcohol.svg","datePublished":"2022-09-22T10:56:50+00:00","dateModified":"2023-05-05T14:21:46+00:00","description":"Is ionad oibre n\u00edos s\u00e1bh\u00e1ilte agus n\u00edos t\u00e1irgi\u00fala \u00e9 ionad oibre at\u00e1 saor \u00f3 alc\u00f3l agus druga\u00ed le riosca n\u00edos \u00edsle de ghalar ainsealach agus deacrachta\u00ed","breadcrumb":{"@id":"https:\/\/healthyworkplace.ie\/ga\/areas\/reimsi-follaine\/alcol-agus-drugai\/#breadcrumb"},"inLanguage":"ga-IE","potentialAction":[{"@type":"ReadAction","target":["https:\/\/healthyworkplace.ie\/ga\/areas\/reimsi-follaine\/alcol-agus-drugai\/"]}]},{"@type":"ImageObject","inLanguage":"ga-IE","@id":"https:\/\/healthyworkplace.ie\/ga\/areas\/reimsi-follaine\/alcol-agus-drugai\/#primaryimage","url":"https:\/\/healthyworkplace.ie\/wp-content\/uploads\/2022\/09\/alcohol.svg","contentUrl":"https:\/\/healthyworkplace.ie\/wp-content\/uploads\/2022\/09\/alcohol.svg","caption":"Alcohol"},{"@type":"BreadcrumbList","@id":"https:\/\/healthyworkplace.ie\/ga\/areas\/reimsi-follaine\/alcol-agus-drugai\/#breadcrumb","itemListElement":[{"@type":"ListItem","position":1,"name":"Baile","item":"https:\/\/healthyworkplace.ie\/ga\/"},{"@type":"ListItem","position":2,"name":"Foll\u00e1ine san Obair","item":"https:\/\/healthyworkplace.ie\/ga\/areas\/"},{"@type":"ListItem","position":3,"name":"R\u00e9ims\u00ed Foll\u00e1ine","item":"https:\/\/healthyworkplace.ie\/ga\/areas\/reimsi-follaine\/"},{"@type":"ListItem","position":4,"name":"Alc\u00f3l agus Druga\u00ed"}]},{"@type":"WebSite","@id":"https:\/\/healthyworkplace.ie\/ga\/#website","url":"https:\/\/healthyworkplace.ie\/ga\/","name":"Healthy Ireland @ Work","description":"Sl\u00e1inte agus foll\u00e1ine oibrithe a chur chun cinn laistigh de gach ionad oibre","publisher":{"@id":"https:\/\/healthyworkplace.ie\/ga\/#organization"},"alternateName":"Healthy Workplace","potentialAction":[{"@type":"SearchAction","target":{"@type":"EntryPoint","urlTemplate":"https:\/\/healthyworkplace.ie\/ga\/?s={search_term_string}"},"query-input":{"@type":"PropertyValueSpecification","valueRequired":true,"valueName":"search_term_string"}}],"inLanguage":"ga-IE"},{"@type":"Organization","@id":"https:\/\/healthyworkplace.ie\/ga\/#organization","name":"Healthy Workplace Ireland","url":"https:\/\/healthyworkplace.ie\/ga\/","logo":{"@type":"ImageObject","inLanguage":"ga-IE","@id":"https:\/\/healthyworkplace.ie\/ga\/#\/schema\/logo\/image\/","url":"https:\/\/healthyworkplace.ie\/wp-content\/uploads\/2022\/06\/healthyucd-HealthyIreland3.png","contentUrl":"https:\/\/healthyworkplace.ie\/wp-content\/uploads\/2022\/06\/healthyucd-HealthyIreland3.png","width":150,"height":150,"caption":"Healthy Workplace Ireland"},"image":{"@id":"https:\/\/healthyworkplace.ie\/ga\/#\/schema\/logo\/image\/"}}]}},"_links":{"self":[{"href":"https:\/\/healthyworkplace.ie\/ga\/wp-json\/wp\/v2\/areas\/2856","targetHints":{"allow":["GET"]}}],"collection":[{"href":"https:\/\/healthyworkplace.ie\/ga\/wp-json\/wp\/v2\/areas"}],"about":[{"href":"https:\/\/healthyworkplace.ie\/ga\/wp-json\/wp\/v2\/types\/areas"}],"version-history":[{"count":1,"href":"https:\/\/healthyworkplace.ie\/ga\/wp-json\/wp\/v2\/areas\/2856\/revisions"}],"predecessor-version":[{"id":2857,"href":"https:\/\/healthyworkplace.ie\/ga\/wp-json\/wp\/v2\/areas\/2856\/revisions\/2857"}],"up":[{"embeddable":true,"href":"https:\/\/healthyworkplace.ie\/ga\/wp-json\/wp\/v2\/areas\/2815"}],"wp:featuredmedia":[{"embeddable":true,"href":"https:\/\/healthyworkplace.ie\/ga\/wp-json\/wp\/v2\/media\/2531"}],"wp:attachment":[{"href":"https:\/\/healthyworkplace.ie\/ga\/wp-json\/wp\/v2\/media?parent=2856"}],"curies":[{"name":"wp","href":"https:\/\/api.w.org\/{rel}","templated":true}]}}