{"id":2860,"date":"2022-12-14T16:22:52","date_gmt":"2022-12-14T16:22:52","guid":{"rendered":"https:\/\/healthyworkplace.ie\/areas\/reimsi-follaine\/alcol-agus-drugai\/gniomhaiochtai-ar-leibheal-aonair\/"},"modified":"2023-05-05T15:37:18","modified_gmt":"2023-05-05T14:37:18","slug":"gniomhaiochtai-ar-leibheal-aonair","status":"publish","type":"areas","link":"https:\/\/healthyworkplace.ie\/ga\/areas\/reimsi-follaine\/alcol-agus-drugai\/gniomhaiochtai-ar-leibheal-aonair\/","title":{"rendered":"Gn\u00edomha\u00edochta\u00ed ar leibh\u00e9al aonair"},"content":{"rendered":"\n<p>Is d\u00f3cha go nd\u00edreoidh do thionscnaimh foll\u00e1ine ar an leibh\u00e9al aonair ar fheasacht a ard\u00fa, iompra\u00edochta\u00ed sl\u00e1inti\u00fala agus\/n\u00f3 scileanna a th\u00f3g\u00e1il sa r\u00e9imse foll\u00e1ine seo.<\/p>\n\n<div class=\"wp-block-pb-accordion-item c-accordion__item js-accordion-item no-js\" data-initially-open=\"false\" data-click-to-close=\"true\" data-auto-close=\"true\" data-scroll=\"true\" data-scroll-offset=\"0\"><h2 id=\"at-13820\" class=\"c-accordion__title js-accordion-controller\" role=\"button\">1. Feasacht a ard\u00fa ar Alc\u00f3l agus Druga\u00ed agus l\u00ednte taca\u00edochta a aithint.<\/h2><div id=\"ac-13820\" class=\"c-accordion__content\">\n<p>Neartaigh do phobal tr\u00ed fhostaithe a nascadh le hacmhainn\u00ed \u00e1iti\u00fala agus fi\u00fa smaoineamh ar ail\u00edni\u00fa le heagra\u00edochta\u00ed pobail mar chuid de pholasa\u00ed um Fhreagracht Sh\u00f3isialta Chorpar\u00e1ideach. <\/p>\n\n\n\n<p>. F\u00e9ach freisin \u00e1r <a href=\"https:\/\/healthyworkplace.ie\/ga\/areas\/nasc-pobail\/acmhainni-alcol-agus-drugai\/\">Naisc Phobail<\/a> chun nascadh le heagra\u00edocht a dh\u00e9anann speisialt\u00f3ireacht ar alc\u00f3l agus druga\u00ed agus liost\u00e1il lena nuachtlitir chun coinne\u00e1il suas leis an nuacht agus na himeachta\u00ed is d\u00e9ana\u00ed sa sp\u00e1s foll\u00e1ine seo. <\/p>\n\n\n\n<p>B&#8217;fh\u00e9idir go mbeidh siad in ann taca\u00edochta\u00ed, seirbh\u00eds\u00ed n\u00f3 comhph\u00e1irt\u00edocht a thairiscint maidir le:<\/p>\n\n\n\n<ul class=\"wp-block-list\">\n<li><strong>Ceardlanna n\u00f3 seisi\u00fain eolais ag am l\u00f3in. <\/strong>Is f\u00e9idir leo seo a bheith oideachas\u00fail chun cabhr\u00fa le fostaithe tuiscint a fh\u00e1il ar an dochar a d&#8217;fh\u00e9adfadh alc\u00f3l agus druga\u00ed a dh\u00e9anamh don intinn agus don cholainn, go h\u00e1irithe agus innealra \u00e1 oibri\u00fa n\u00f3 le linn toirchis. In ionad seisi\u00fain aonuaire, cuir plean fadt\u00e9armach do na seisi\u00fain seo san \u00e1ireamh agus cuir ar chumas fostaithe leas a bhaint as na seisi\u00fain sin tr\u00ed r\u00e9itigh r\u00e9as\u00fanta sceidil n\u00f3 ualach oibre a dh\u00e9anamh.<\/li>\n\n\n\n<li><strong style=\"font-size: 1.375rem; color: initial;\">Acmhainn\u00ed chun tuiscint n\u00edos fearr a chur chun cinn ar \u00e9ifeachta\u00ed druga\u00ed agus na bunt\u00e1ist\u00ed a bhaineann le halc\u00f3l a ghearradh anuas n\u00f3 \u00e9ir\u00ed as.<\/strong><span style=\"font-size: 1.375rem; color: initial;\"> \u00c1ir\u00edtear orthu seo p\u00f3staeir, grafaic\u00ed faisn\u00e9ise, f\u00edse\u00e1in, n\u00f3 ailt i nuachtlitreacha cuideachta srl.<\/span><\/li>\n\n\n\n<li><strong>P\u00e1irt a ghlacadh i laethanta feasachta<\/strong>. T\u00e1 seachtain Feasachta Alc\u00f3il an AE ar si\u00fal i m\u00ed na Samhna, is \u00e9 an <sup>9 Me\u00e1n F\u00f3mhair<\/sup> l\u00e1 idirn\u00e1isi\u00fanta um Neamhord den Speictream Alc\u00f3il san Fh\u00e9atas (FASD), a bhfuil s\u00e9 mar aidhm aige feasacht agus tuiscint a chur chun cinn maidir le m\u00ed-\u00fas\u00e1id substaint\u00ed Is f\u00e9idir leat tac\u00fa le heagra\u00edochta\u00ed \u00e1iti\u00fala at\u00e1 speisialaithe in Alc\u00f3il agus Druga\u00ed agus on\u00f3ir a thabhairt do na laethanta seo ar bheala\u00ed \u00e9ags\u00fala agus t\u00fa ag cur do ghn\u00edomha\u00edochta\u00ed chun cinn i nuachtlitir chuideachta n\u00f3 ar do mhe\u00e1in sh\u00f3isialta. Cuimhnigh go bhfuil feasacht maidir le halc\u00f3l agus druga\u00ed t\u00e1bhachtach ar feadh na bliana!<\/li>\n<\/ul>\n<\/div><\/div>\n\n<div class=\"wp-block-pb-accordion-item c-accordion__item js-accordion-item no-js\" data-initially-open=\"false\" data-click-to-close=\"true\" data-auto-close=\"true\" data-scroll=\"true\" data-scroll-offset=\"0\"><h2 id=\"at-13821\" class=\"c-accordion__title js-accordion-controller\" role=\"button\">2. Leibh\u00e9al cu\u00ed taca\u00edochta<\/h2><div id=\"ac-13821\" class=\"c-accordion__content\">\n<p>T\u00e1 s\u00e9 t\u00e1bhachtach a mheabhr\u00fa go bhfuil gach fosta\u00ed ag c\u00e9im dhifri\u00fail d\u00e1 dturas foll\u00e1ine sa r\u00e9imse seo. T\u00e1 fostaithe ann nach bhfuil ar an eolas faoi na himpleachta\u00ed a bhaineann le hAlc\u00f3l agus Druga\u00ed agus fostaithe a d&#8217;fh\u00e9adfadh a bheith i mbaol m\u00ed-\u00fas\u00e1id substaint\u00ed faoi l\u00e1thair. <\/p>\n\n\n\n<p>T\u00e1 s\u00e9 t\u00e1bhachtach taca\u00edochta\u00ed a chur in oiri\u00faint d\u00e1 r\u00e9ir, treoir a thabhairt chuig acmhainn\u00ed cu\u00ed n\u00f3 nasc a dh\u00e9anamh le rann\u00f3g(a) iomchu\u00ed san ionad oibre (HR, Altra Sl\u00e1inte Ceirde, sol\u00e1thra\u00ed \u00e1rachais srl.) <\/p>\n\n\n\n<p>F\u00e9ach freisin \u00e1r <a href=\"https:\/\/healthyworkplace.ie\/ga\/areas\/nasc-pobail\/acmhainni-alcol-agus-drugai\/\">Naisc Phobail<\/a> chun nascadh le heagra\u00edocht a dh\u00e9anann speisialt\u00f3ireacht ar Alc\u00f3l agus Druga\u00ed a d&#8217;fh\u00e9adfadh a bheith in ann taca\u00edochta\u00ed, seirbh\u00eds\u00ed n\u00f3 comhph\u00e1irt\u00edocht a thairiscint iontu seo a leanas:<\/p>\n\n\n\n<ul class=\"wp-block-list\">\n<li><strong>Ceardlanna n\u00f3 seisi\u00fain am l\u00f3in a bhaineann le riosca\u00ed m\u00ed-\u00fas\u00e1ide substaint\u00ed a bhainisti\u00fa. <\/strong>Is f\u00e9idir leo seo a bheith bainteach le forbairt scileanna. In ionad seisi\u00fain aonuaire, cuir plean fadt\u00e9armach do na seisi\u00fain seo san \u00e1ireamh agus cuir ar chumas fostaithe leas a bhaint as na seisi\u00fain sin tr\u00ed r\u00e9itigh r\u00e9as\u00fanta sceidil n\u00f3 ualach oibre a dh\u00e9anamh.<\/li>\n\n\n\n<li><strong style=\"font-size: 1.375rem; color: initial;\">Acmhainn\u00ed chun beala\u00ed a chur chun cinn don fhoireann maidir lena n-\u00fas\u00e1id alc\u00f3il a bhainisti\u00fa.<\/strong><span style=\"font-size: 1.375rem; color: initial;\"> D&#8217;fh\u00e9adfadh p\u00f3staeir, grafaic\u00ed faisn\u00e9ise, f\u00edse\u00e1in, n\u00f3 ailt i nuachtlitreacha cuideachta etc. a bheith san \u00e1ireamh, lena n-\u00e1ir\u00edtear leideanna praitici\u00fala maidir le conas cinneadh a dh\u00e9anamh faoi cib\u00e9 an bhfuil a n\u00f3sanna \u00f3il d\u00edobh\u00e1lach agus comhairle maidir le conas an m\u00e9id a \u00f3ltar a \u00edsli\u00fa n\u00f3 a riosca d\u00edobh\u00e1la a laghd\u00fa agus iad i mbun \u00f3il mheasartha.<\/span><\/li>\n\n\n\n<li><strong style=\"font-size: 1.375rem; color: initial;\">Cuimsi\u00fa a chinnti\u00fa.<\/strong><span style=\"font-size: 1.375rem; color: initial;\"> N\u00e1 d\u00e9an dearmad freastal ar fhostaithe cianoibre agus orthu si\u00fad a oibr\u00edonn lasmuigh den l\u00e1thair n\u00f3 a thaisteala\u00edonn mar nach mbeidh siad in ann p\u00f3staeir ar an l\u00e1thair a fheice\u00e1il agus b\u00edonn siad scoite amach \u00f3 chomhr\u00e1ite foirmi\u00fala agus neamhfhoirmi\u00fala. Braitheann na fostaithe seo scoite amach agus mar sin ba ch\u00f3ir socruithe speisialta a dh\u00e9anamh.<\/span><\/li>\n\n\n\n<li><strong style=\"font-size: 1.375rem; color: initial;\">Comhairle eile. <\/strong><span style=\"font-size: 1.375rem; color: initial;\">B\u00edodh do chuid oibleag\u00e1id\u00ed dl\u00edthi\u00fala agus taca\u00edochta\u00ed molta ar eolas agat d&#8217;fhostaithe a bhfuil m\u00ed-\u00fas\u00e1id substaint\u00ed ag cur isteach orthu.<\/span><\/li>\n\n\n\n<li><strong>Foll\u00e1ine ioml\u00e1na\u00edoch a chomhth\u00e1th\u00fa<\/strong> F\u00e9ach conas is f\u00e9idir leat r\u00e9ims\u00ed foll\u00e1ine eile a chomhth\u00e1th\u00fa mar Mheabhairshl\u00e1inte mar go n-\u00fas\u00e1idtear alc\u00f3l agus druga\u00ed mar bhealach chun d\u00e9ile\u00e1il le strus n\u00f3 le m\u00edbh\u00e9as san ionad oibre i m\u00f3r\u00e1n c\u00e1sanna.<\/li>\n<\/ul>\n<\/div><\/div>\n","protected":false},"excerpt":{"rendered":"<p>Is d\u00f3cha go nd\u00edreoidh do thionscnaimh foll\u00e1ine ar an leibh\u00e9al aonair ar fheasacht a ard\u00fa, iompra\u00edochta\u00ed sl\u00e1inti\u00fala agus\/n\u00f3 scileanna a th\u00f3g\u00e1il sa r\u00e9imse foll\u00e1ine seo.<\/p>\n","protected":false},"featured_media":0,"parent":2856,"menu_order":56,"template":"","meta":{"_acf_changed":false,"inline_featured_image":false,"_monsterinsights_skip_tracking":false,"_monsterinsights_sitenote_active":false,"_monsterinsights_sitenote_note":"","_monsterinsights_sitenote_category":0,"_EventAllDay":false,"_EventTimezone":"","_EventStartDate":"","_EventEndDate":"","_EventStartDateUTC":"","_EventEndDateUTC":"","_EventShowMap":false,"_EventShowMapLink":false,"_EventURL":"","_EventCost":"","_EventCostDescription":"","_EventCurrencySymbol":"","_EventCurrencyCode":"","_EventCurrencyPosition":"","_EventDateTimeSeparator":"","_EventTimeRangeSeparator":"","_EventOrganizerID":[],"_EventVenueID":[],"_OrganizerEmail":"","_OrganizerPhone":"","_OrganizerWebsite":"","_VenueAddress":"","_VenueCity":"","_VenueCountry":"","_VenueProvince":"","_VenueState":"","_VenueZip":"","_VenuePhone":"","_VenueURL":"","_VenueStateProvince":"","_VenueLat":"","_VenueLng":"","_VenueShowMap":false,"_VenueShowMapLink":false,"footnotes":""},"class_list":["post-2860","areas","type-areas","status-publish","hentry"],"acf":[],"yoast_head":"<!-- This site is optimized with the Yoast SEO plugin v27.4 - https:\/\/yoast.com\/product\/yoast-seo-wordpress\/ -->\n<title>Gn\u00edomha\u00edochta\u00ed ar leibh\u00e9al aonair - Healthy Workplace Ireland<\/title>\n<meta name=\"description\" content=\"Is d\u00f3cha go nd\u00edreoidh do thionscnaimh foll\u00e1ine ar an leibh\u00e9al aonair ar fheasacht a ard\u00fa, iompra\u00edochta\u00ed sl\u00e1inti\u00fala agus\/n\u00f3 scileanna a th\u00f3g\u00e1il sa r\u00e9imse foll\u00e1ine seo.\" \/>\n<meta name=\"robots\" content=\"index, follow, max-snippet:-1, max-image-preview:large, max-video-preview:-1\" \/>\n<link rel=\"canonical\" href=\"https:\/\/healthyworkplace.ie\/ga\/areas\/reimsi-follaine\/alcol-agus-drugai\/gniomhaiochtai-ar-leibheal-aonair\/\" \/>\n<meta property=\"og:locale\" content=\"ga_IE\" \/>\n<meta property=\"og:type\" content=\"article\" \/>\n<meta property=\"og:title\" content=\"Gn\u00edomha\u00edochta\u00ed ar leibh\u00e9al aonair - Healthy Workplace Ireland\" \/>\n<meta property=\"og:description\" content=\"Is d\u00f3cha go nd\u00edreoidh do thionscnaimh foll\u00e1ine ar an leibh\u00e9al aonair ar fheasacht a ard\u00fa, iompra\u00edochta\u00ed sl\u00e1inti\u00fala agus\/n\u00f3 scileanna a th\u00f3g\u00e1il sa r\u00e9imse foll\u00e1ine seo.\" \/>\n<meta property=\"og:url\" content=\"https:\/\/healthyworkplace.ie\/ga\/areas\/reimsi-follaine\/alcol-agus-drugai\/gniomhaiochtai-ar-leibheal-aonair\/\" \/>\n<meta property=\"og:site_name\" content=\"Healthy Workplace Ireland\" \/>\n<meta property=\"article:modified_time\" content=\"2023-05-05T14:37:18+00:00\" \/>\n<meta name=\"twitter:card\" content=\"summary_large_image\" \/>\n<meta name=\"twitter:label1\" content=\"Est. reading time\" \/>\n\t<meta name=\"twitter:data1\" content=\"4 minutes\" \/>\n<script type=\"application\/ld+json\" class=\"yoast-schema-graph\">{\"@context\":\"https:\\\/\\\/schema.org\",\"@graph\":[{\"@type\":\"WebPage\",\"@id\":\"https:\\\/\\\/healthyworkplace.ie\\\/ga\\\/areas\\\/reimsi-follaine\\\/alcol-agus-drugai\\\/gniomhaiochtai-ar-leibheal-aonair\\\/\",\"url\":\"https:\\\/\\\/healthyworkplace.ie\\\/ga\\\/areas\\\/reimsi-follaine\\\/alcol-agus-drugai\\\/gniomhaiochtai-ar-leibheal-aonair\\\/\",\"name\":\"Gn\u00edomha\u00edochta\u00ed ar leibh\u00e9al aonair - Healthy Workplace Ireland\",\"isPartOf\":{\"@id\":\"https:\\\/\\\/healthyworkplace.ie\\\/ga\\\/#website\"},\"datePublished\":\"2022-12-14T16:22:52+00:00\",\"dateModified\":\"2023-05-05T14:37:18+00:00\",\"description\":\"Is d\u00f3cha go nd\u00edreoidh do thionscnaimh foll\u00e1ine ar an leibh\u00e9al aonair ar fheasacht a ard\u00fa, iompra\u00edochta\u00ed sl\u00e1inti\u00fala agus\\\/n\u00f3 scileanna a th\u00f3g\u00e1il sa r\u00e9imse foll\u00e1ine seo.\",\"breadcrumb\":{\"@id\":\"https:\\\/\\\/healthyworkplace.ie\\\/ga\\\/areas\\\/reimsi-follaine\\\/alcol-agus-drugai\\\/gniomhaiochtai-ar-leibheal-aonair\\\/#breadcrumb\"},\"inLanguage\":\"ga-IE\",\"potentialAction\":[{\"@type\":\"ReadAction\",\"target\":[\"https:\\\/\\\/healthyworkplace.ie\\\/ga\\\/areas\\\/reimsi-follaine\\\/alcol-agus-drugai\\\/gniomhaiochtai-ar-leibheal-aonair\\\/\"]}]},{\"@type\":\"BreadcrumbList\",\"@id\":\"https:\\\/\\\/healthyworkplace.ie\\\/ga\\\/areas\\\/reimsi-follaine\\\/alcol-agus-drugai\\\/gniomhaiochtai-ar-leibheal-aonair\\\/#breadcrumb\",\"itemListElement\":[{\"@type\":\"ListItem\",\"position\":1,\"name\":\"Baile\",\"item\":\"https:\\\/\\\/healthyworkplace.ie\\\/ga\\\/\"},{\"@type\":\"ListItem\",\"position\":2,\"name\":\"Foll\u00e1ine san Obair\",\"item\":\"https:\\\/\\\/healthyworkplace.ie\\\/ga\\\/areas\\\/\"},{\"@type\":\"ListItem\",\"position\":3,\"name\":\"R\u00e9ims\u00ed Foll\u00e1ine\",\"item\":\"https:\\\/\\\/healthyworkplace.ie\\\/ga\\\/areas\\\/reimsi-follaine\\\/\"},{\"@type\":\"ListItem\",\"position\":4,\"name\":\"Alc\u00f3l agus Druga\u00ed\",\"item\":\"https:\\\/\\\/healthyworkplace.ie\\\/ga\\\/areas\\\/wellbeing-areas\\\/alcohol-and-drugs\\\/\"},{\"@type\":\"ListItem\",\"position\":5,\"name\":\"Gn\u00edomha\u00edochta\u00ed ar leibh\u00e9al aonair\"}]},{\"@type\":\"WebSite\",\"@id\":\"https:\\\/\\\/healthyworkplace.ie\\\/ga\\\/#website\",\"url\":\"https:\\\/\\\/healthyworkplace.ie\\\/ga\\\/\",\"name\":\"Healthy Ireland @ Work\",\"description\":\"Sl\u00e1inte agus foll\u00e1ine oibrithe a chur chun cinn laistigh de gach ionad oibre\",\"publisher\":{\"@id\":\"https:\\\/\\\/healthyworkplace.ie\\\/ga\\\/#organization\"},\"alternateName\":\"Healthy Workplace\",\"potentialAction\":[{\"@type\":\"SearchAction\",\"target\":{\"@type\":\"EntryPoint\",\"urlTemplate\":\"https:\\\/\\\/healthyworkplace.ie\\\/ga\\\/?s={search_term_string}\"},\"query-input\":{\"@type\":\"PropertyValueSpecification\",\"valueRequired\":true,\"valueName\":\"search_term_string\"}}],\"inLanguage\":\"ga-IE\"},{\"@type\":\"Organization\",\"@id\":\"https:\\\/\\\/healthyworkplace.ie\\\/ga\\\/#organization\",\"name\":\"Healthy Workplace Ireland\",\"url\":\"https:\\\/\\\/healthyworkplace.ie\\\/ga\\\/\",\"logo\":{\"@type\":\"ImageObject\",\"inLanguage\":\"ga-IE\",\"@id\":\"https:\\\/\\\/healthyworkplace.ie\\\/ga\\\/#\\\/schema\\\/logo\\\/image\\\/\",\"url\":\"https:\\\/\\\/healthyworkplace.ie\\\/wp-content\\\/uploads\\\/2022\\\/06\\\/healthyucd-HealthyIreland3.png\",\"contentUrl\":\"https:\\\/\\\/healthyworkplace.ie\\\/wp-content\\\/uploads\\\/2022\\\/06\\\/healthyucd-HealthyIreland3.png\",\"width\":150,\"height\":150,\"caption\":\"Healthy Workplace Ireland\"},\"image\":{\"@id\":\"https:\\\/\\\/healthyworkplace.ie\\\/ga\\\/#\\\/schema\\\/logo\\\/image\\\/\"}}]}<\/script>\n<!-- \/ Yoast SEO plugin. -->","yoast_head_json":{"title":"Gn\u00edomha\u00edochta\u00ed ar leibh\u00e9al aonair - Healthy Workplace Ireland","description":"Is d\u00f3cha go nd\u00edreoidh do thionscnaimh foll\u00e1ine ar an leibh\u00e9al aonair ar fheasacht a ard\u00fa, iompra\u00edochta\u00ed sl\u00e1inti\u00fala agus\/n\u00f3 scileanna a th\u00f3g\u00e1il sa r\u00e9imse foll\u00e1ine seo.","robots":{"index":"index","follow":"follow","max-snippet":"max-snippet:-1","max-image-preview":"max-image-preview:large","max-video-preview":"max-video-preview:-1"},"canonical":"https:\/\/healthyworkplace.ie\/ga\/areas\/reimsi-follaine\/alcol-agus-drugai\/gniomhaiochtai-ar-leibheal-aonair\/","og_locale":"ga_IE","og_type":"article","og_title":"Gn\u00edomha\u00edochta\u00ed ar leibh\u00e9al aonair - Healthy Workplace Ireland","og_description":"Is d\u00f3cha go nd\u00edreoidh do thionscnaimh foll\u00e1ine ar an leibh\u00e9al aonair ar fheasacht a ard\u00fa, iompra\u00edochta\u00ed sl\u00e1inti\u00fala agus\/n\u00f3 scileanna a th\u00f3g\u00e1il sa r\u00e9imse foll\u00e1ine seo.","og_url":"https:\/\/healthyworkplace.ie\/ga\/areas\/reimsi-follaine\/alcol-agus-drugai\/gniomhaiochtai-ar-leibheal-aonair\/","og_site_name":"Healthy Workplace Ireland","article_modified_time":"2023-05-05T14:37:18+00:00","twitter_card":"summary_large_image","twitter_misc":{"Est. reading time":"4 minutes"},"schema":{"@context":"https:\/\/schema.org","@graph":[{"@type":"WebPage","@id":"https:\/\/healthyworkplace.ie\/ga\/areas\/reimsi-follaine\/alcol-agus-drugai\/gniomhaiochtai-ar-leibheal-aonair\/","url":"https:\/\/healthyworkplace.ie\/ga\/areas\/reimsi-follaine\/alcol-agus-drugai\/gniomhaiochtai-ar-leibheal-aonair\/","name":"Gn\u00edomha\u00edochta\u00ed ar leibh\u00e9al aonair - Healthy Workplace Ireland","isPartOf":{"@id":"https:\/\/healthyworkplace.ie\/ga\/#website"},"datePublished":"2022-12-14T16:22:52+00:00","dateModified":"2023-05-05T14:37:18+00:00","description":"Is d\u00f3cha go nd\u00edreoidh do thionscnaimh foll\u00e1ine ar an leibh\u00e9al aonair ar fheasacht a ard\u00fa, iompra\u00edochta\u00ed sl\u00e1inti\u00fala agus\/n\u00f3 scileanna a th\u00f3g\u00e1il sa r\u00e9imse foll\u00e1ine seo.","breadcrumb":{"@id":"https:\/\/healthyworkplace.ie\/ga\/areas\/reimsi-follaine\/alcol-agus-drugai\/gniomhaiochtai-ar-leibheal-aonair\/#breadcrumb"},"inLanguage":"ga-IE","potentialAction":[{"@type":"ReadAction","target":["https:\/\/healthyworkplace.ie\/ga\/areas\/reimsi-follaine\/alcol-agus-drugai\/gniomhaiochtai-ar-leibheal-aonair\/"]}]},{"@type":"BreadcrumbList","@id":"https:\/\/healthyworkplace.ie\/ga\/areas\/reimsi-follaine\/alcol-agus-drugai\/gniomhaiochtai-ar-leibheal-aonair\/#breadcrumb","itemListElement":[{"@type":"ListItem","position":1,"name":"Baile","item":"https:\/\/healthyworkplace.ie\/ga\/"},{"@type":"ListItem","position":2,"name":"Foll\u00e1ine san Obair","item":"https:\/\/healthyworkplace.ie\/ga\/areas\/"},{"@type":"ListItem","position":3,"name":"R\u00e9ims\u00ed Foll\u00e1ine","item":"https:\/\/healthyworkplace.ie\/ga\/areas\/reimsi-follaine\/"},{"@type":"ListItem","position":4,"name":"Alc\u00f3l agus Druga\u00ed","item":"https:\/\/healthyworkplace.ie\/ga\/areas\/wellbeing-areas\/alcohol-and-drugs\/"},{"@type":"ListItem","position":5,"name":"Gn\u00edomha\u00edochta\u00ed ar leibh\u00e9al aonair"}]},{"@type":"WebSite","@id":"https:\/\/healthyworkplace.ie\/ga\/#website","url":"https:\/\/healthyworkplace.ie\/ga\/","name":"Healthy Ireland @ Work","description":"Sl\u00e1inte agus foll\u00e1ine oibrithe a chur chun cinn laistigh de gach ionad oibre","publisher":{"@id":"https:\/\/healthyworkplace.ie\/ga\/#organization"},"alternateName":"Healthy Workplace","potentialAction":[{"@type":"SearchAction","target":{"@type":"EntryPoint","urlTemplate":"https:\/\/healthyworkplace.ie\/ga\/?s={search_term_string}"},"query-input":{"@type":"PropertyValueSpecification","valueRequired":true,"valueName":"search_term_string"}}],"inLanguage":"ga-IE"},{"@type":"Organization","@id":"https:\/\/healthyworkplace.ie\/ga\/#organization","name":"Healthy Workplace Ireland","url":"https:\/\/healthyworkplace.ie\/ga\/","logo":{"@type":"ImageObject","inLanguage":"ga-IE","@id":"https:\/\/healthyworkplace.ie\/ga\/#\/schema\/logo\/image\/","url":"https:\/\/healthyworkplace.ie\/wp-content\/uploads\/2022\/06\/healthyucd-HealthyIreland3.png","contentUrl":"https:\/\/healthyworkplace.ie\/wp-content\/uploads\/2022\/06\/healthyucd-HealthyIreland3.png","width":150,"height":150,"caption":"Healthy Workplace Ireland"},"image":{"@id":"https:\/\/healthyworkplace.ie\/ga\/#\/schema\/logo\/image\/"}}]}},"_links":{"self":[{"href":"https:\/\/healthyworkplace.ie\/ga\/wp-json\/wp\/v2\/areas\/2860","targetHints":{"allow":["GET"]}}],"collection":[{"href":"https:\/\/healthyworkplace.ie\/ga\/wp-json\/wp\/v2\/areas"}],"about":[{"href":"https:\/\/healthyworkplace.ie\/ga\/wp-json\/wp\/v2\/types\/areas"}],"version-history":[{"count":3,"href":"https:\/\/healthyworkplace.ie\/ga\/wp-json\/wp\/v2\/areas\/2860\/revisions"}],"predecessor-version":[{"id":2865,"href":"https:\/\/healthyworkplace.ie\/ga\/wp-json\/wp\/v2\/areas\/2860\/revisions\/2865"}],"up":[{"embeddable":true,"href":"https:\/\/healthyworkplace.ie\/ga\/wp-json\/wp\/v2\/areas\/2856"}],"wp:attachment":[{"href":"https:\/\/healthyworkplace.ie\/ga\/wp-json\/wp\/v2\/media?parent=2860"}],"curies":[{"name":"wp","href":"https:\/\/api.w.org\/{rel}","templated":true}]}}