{"id":3001,"date":"2022-10-18T18:59:43","date_gmt":"2022-10-18T17:59:43","guid":{"rendered":"https:\/\/healthyworkplace.ie\/areas\/cas-staideir\/"},"modified":"2023-05-09T15:43:38","modified_gmt":"2023-05-09T14:43:38","slug":"cas-staideir","status":"publish","type":"areas","link":"https:\/\/healthyworkplace.ie\/ga\/areas\/cas-staideir\/","title":{"rendered":"C\u00e1s-staid\u00e9ir"},"content":{"rendered":"\n<p>Cuid de na hacmhainn\u00ed is m\u00f3 is f\u00e9idir linn a chur ar f\u00e1il n\u00e1 sc\u00e9alta rath\u00fala na ndaoine a r\u00e9itigh an bealach. Is f\u00e9idir le c\u00e1s-staid\u00e9ir r\u00fain an chos\u00e1in chun ratha a thaispe\u00e1int duit agus t\u00fa a spreagadh le smaointe chun d&#8217;Ionad Oibre Sl\u00e1inti\u00fail a chruth\u00fa.<\/p>\n<section>\n<div class=\"row posts areas row-cols-1 row-cols-md-2 row-cols-xl-2 g-4 mb-5\">\n  <\/div>\n<\/section>\n\n","protected":false},"excerpt":{"rendered":"<p>Mar chuid den tionscadal seo, t\u00e1 roinnt c\u00e1s-staid\u00e9ir, a thaispe\u00e1nann dea-chleachtas i foll\u00e1ine san ionad oibre, bailithe. T\u00e1thar ag s\u00fail go gcuirfidh na c\u00e1s-staid\u00e9ir seo treoir ar f\u00e1il d&#8217;ionaid oibre eile ar mian leo dul i mbun foll\u00e1ine san ionad oibre a chur chun cinn ina n-eagra\u00edocht.<\/p>\n","protected":false},"featured_media":2485,"parent":0,"menu_order":76,"template":"","meta":{"_acf_changed":false,"inline_featured_image":false,"_monsterinsights_skip_tracking":false,"_monsterinsights_sitenote_active":false,"_monsterinsights_sitenote_note":"","_monsterinsights_sitenote_category":0,"_EventAllDay":false,"_EventTimezone":"","_EventStartDate":"","_EventEndDate":"","_EventStartDateUTC":"","_EventEndDateUTC":"","_EventShowMap":false,"_EventShowMapLink":false,"_EventURL":"","_EventCost":"","_EventCostDescription":"","_EventCurrencySymbol":"","_EventCurrencyCode":"","_EventCurrencyPosition":"","_EventDateTimeSeparator":"","_EventTimeRangeSeparator":"","_EventOrganizerID":[],"_EventVenueID":[],"_OrganizerEmail":"","_OrganizerPhone":"","_OrganizerWebsite":"","_VenueAddress":"","_VenueCity":"","_VenueCountry":"","_VenueProvince":"","_VenueState":"","_VenueZip":"","_VenuePhone":"","_VenueURL":"","_VenueStateProvince":"","_VenueLat":"","_VenueLng":"","_VenueShowMap":false,"_VenueShowMapLink":false,"footnotes":""},"class_list":["post-3001","areas","type-areas","status-publish","has-post-thumbnail","hentry"],"acf":[],"yoast_head":"<!-- This site is optimized with the Yoast SEO plugin v27.4 - https:\/\/yoast.com\/product\/yoast-seo-wordpress\/ -->\n<title>C\u00e1s-staid\u00e9ir - Healthy Workplace Ireland<\/title>\n<meta name=\"description\" content=\"Mar chuid den tionscadal seo, t\u00e1 roinnt c\u00e1s-staid\u00e9ir, a thaispe\u00e1nann dea-chleachtas i foll\u00e1ine san ionad oibre, bailithe. T\u00e1thar ag s\u00fail go gcuirfidh na c\u00e1s-staid\u00e9ir seo treoir ar f\u00e1il d&#039;ionaid oibre eile ar mian leo dul i mbun foll\u00e1ine san ionad oibre a chur chun cinn ina n-eagra\u00edocht.\" \/>\n<meta name=\"robots\" content=\"index, follow, max-snippet:-1, max-image-preview:large, max-video-preview:-1\" \/>\n<link rel=\"canonical\" href=\"https:\/\/healthyworkplace.ie\/ga\/areas\/cas-staideir\/\" \/>\n<meta property=\"og:locale\" content=\"ga_IE\" \/>\n<meta property=\"og:type\" content=\"article\" \/>\n<meta property=\"og:title\" content=\"C\u00e1s-staid\u00e9ir - Healthy Workplace Ireland\" \/>\n<meta property=\"og:description\" content=\"Mar chuid den tionscadal seo, t\u00e1 roinnt c\u00e1s-staid\u00e9ir, a thaispe\u00e1nann dea-chleachtas i foll\u00e1ine san ionad oibre, bailithe. T\u00e1thar ag s\u00fail go gcuirfidh na c\u00e1s-staid\u00e9ir seo treoir ar f\u00e1il d&#039;ionaid oibre eile ar mian leo dul i mbun foll\u00e1ine san ionad oibre a chur chun cinn ina n-eagra\u00edocht.\" \/>\n<meta property=\"og:url\" content=\"https:\/\/healthyworkplace.ie\/ga\/areas\/cas-staideir\/\" \/>\n<meta property=\"og:site_name\" content=\"Healthy Workplace Ireland\" \/>\n<meta property=\"article:modified_time\" content=\"2023-05-09T14:43:38+00:00\" \/>\n<meta name=\"twitter:card\" content=\"summary_large_image\" \/>\n<script type=\"application\/ld+json\" class=\"yoast-schema-graph\">{\"@context\":\"https:\\\/\\\/schema.org\",\"@graph\":[{\"@type\":\"WebPage\",\"@id\":\"https:\\\/\\\/healthyworkplace.ie\\\/ga\\\/areas\\\/cas-staideir\\\/\",\"url\":\"https:\\\/\\\/healthyworkplace.ie\\\/ga\\\/areas\\\/cas-staideir\\\/\",\"name\":\"C\u00e1s-staid\u00e9ir - Healthy Workplace Ireland\",\"isPartOf\":{\"@id\":\"https:\\\/\\\/healthyworkplace.ie\\\/ga\\\/#website\"},\"primaryImageOfPage\":{\"@id\":\"https:\\\/\\\/healthyworkplace.ie\\\/ga\\\/areas\\\/cas-staideir\\\/#primaryimage\"},\"image\":{\"@id\":\"https:\\\/\\\/healthyworkplace.ie\\\/ga\\\/areas\\\/cas-staideir\\\/#primaryimage\"},\"thumbnailUrl\":\"https:\\\/\\\/healthyworkplace.ie\\\/wp-content\\\/uploads\\\/2022\\\/10\\\/Casestudies-area-figure-skirt-report-blue-1.svg\",\"datePublished\":\"2022-10-18T17:59:43+00:00\",\"dateModified\":\"2023-05-09T14:43:38+00:00\",\"description\":\"Mar chuid den tionscadal seo, t\u00e1 roinnt c\u00e1s-staid\u00e9ir, a thaispe\u00e1nann dea-chleachtas i foll\u00e1ine san ionad oibre, bailithe. T\u00e1thar ag s\u00fail go gcuirfidh na c\u00e1s-staid\u00e9ir seo treoir ar f\u00e1il d'ionaid oibre eile ar mian leo dul i mbun foll\u00e1ine san ionad oibre a chur chun cinn ina n-eagra\u00edocht.\",\"breadcrumb\":{\"@id\":\"https:\\\/\\\/healthyworkplace.ie\\\/ga\\\/areas\\\/cas-staideir\\\/#breadcrumb\"},\"inLanguage\":\"ga-IE\",\"potentialAction\":[{\"@type\":\"ReadAction\",\"target\":[\"https:\\\/\\\/healthyworkplace.ie\\\/ga\\\/areas\\\/cas-staideir\\\/\"]}]},{\"@type\":\"ImageObject\",\"inLanguage\":\"ga-IE\",\"@id\":\"https:\\\/\\\/healthyworkplace.ie\\\/ga\\\/areas\\\/cas-staideir\\\/#primaryimage\",\"url\":\"https:\\\/\\\/healthyworkplace.ie\\\/wp-content\\\/uploads\\\/2022\\\/10\\\/Casestudies-area-figure-skirt-report-blue-1.svg\",\"contentUrl\":\"https:\\\/\\\/healthyworkplace.ie\\\/wp-content\\\/uploads\\\/2022\\\/10\\\/Casestudies-area-figure-skirt-report-blue-1.svg\",\"caption\":\"Case studies area figure with blue hair, skirt, and report\"},{\"@type\":\"BreadcrumbList\",\"@id\":\"https:\\\/\\\/healthyworkplace.ie\\\/ga\\\/areas\\\/cas-staideir\\\/#breadcrumb\",\"itemListElement\":[{\"@type\":\"ListItem\",\"position\":1,\"name\":\"Baile\",\"item\":\"https:\\\/\\\/healthyworkplace.ie\\\/ga\\\/\"},{\"@type\":\"ListItem\",\"position\":2,\"name\":\"Foll\u00e1ine san Obair\",\"item\":\"https:\\\/\\\/healthyworkplace.ie\\\/ga\\\/areas\\\/\"},{\"@type\":\"ListItem\",\"position\":3,\"name\":\"C\u00e1s-staid\u00e9ir\"}]},{\"@type\":\"WebSite\",\"@id\":\"https:\\\/\\\/healthyworkplace.ie\\\/ga\\\/#website\",\"url\":\"https:\\\/\\\/healthyworkplace.ie\\\/ga\\\/\",\"name\":\"Healthy Ireland @ Work\",\"description\":\"Sl\u00e1inte agus foll\u00e1ine oibrithe a chur chun cinn laistigh de gach ionad oibre\",\"publisher\":{\"@id\":\"https:\\\/\\\/healthyworkplace.ie\\\/ga\\\/#organization\"},\"alternateName\":\"Healthy Workplace\",\"potentialAction\":[{\"@type\":\"SearchAction\",\"target\":{\"@type\":\"EntryPoint\",\"urlTemplate\":\"https:\\\/\\\/healthyworkplace.ie\\\/ga\\\/?s={search_term_string}\"},\"query-input\":{\"@type\":\"PropertyValueSpecification\",\"valueRequired\":true,\"valueName\":\"search_term_string\"}}],\"inLanguage\":\"ga-IE\"},{\"@type\":\"Organization\",\"@id\":\"https:\\\/\\\/healthyworkplace.ie\\\/ga\\\/#organization\",\"name\":\"Healthy Workplace Ireland\",\"url\":\"https:\\\/\\\/healthyworkplace.ie\\\/ga\\\/\",\"logo\":{\"@type\":\"ImageObject\",\"inLanguage\":\"ga-IE\",\"@id\":\"https:\\\/\\\/healthyworkplace.ie\\\/ga\\\/#\\\/schema\\\/logo\\\/image\\\/\",\"url\":\"https:\\\/\\\/healthyworkplace.ie\\\/wp-content\\\/uploads\\\/2022\\\/06\\\/healthyucd-HealthyIreland3.png\",\"contentUrl\":\"https:\\\/\\\/healthyworkplace.ie\\\/wp-content\\\/uploads\\\/2022\\\/06\\\/healthyucd-HealthyIreland3.png\",\"width\":150,\"height\":150,\"caption\":\"Healthy Workplace Ireland\"},\"image\":{\"@id\":\"https:\\\/\\\/healthyworkplace.ie\\\/ga\\\/#\\\/schema\\\/logo\\\/image\\\/\"}}]}<\/script>\n<!-- \/ Yoast SEO plugin. -->","yoast_head_json":{"title":"C\u00e1s-staid\u00e9ir - Healthy Workplace Ireland","description":"Mar chuid den tionscadal seo, t\u00e1 roinnt c\u00e1s-staid\u00e9ir, a thaispe\u00e1nann dea-chleachtas i foll\u00e1ine san ionad oibre, bailithe. T\u00e1thar ag s\u00fail go gcuirfidh na c\u00e1s-staid\u00e9ir seo treoir ar f\u00e1il d'ionaid oibre eile ar mian leo dul i mbun foll\u00e1ine san ionad oibre a chur chun cinn ina n-eagra\u00edocht.","robots":{"index":"index","follow":"follow","max-snippet":"max-snippet:-1","max-image-preview":"max-image-preview:large","max-video-preview":"max-video-preview:-1"},"canonical":"https:\/\/healthyworkplace.ie\/ga\/areas\/cas-staideir\/","og_locale":"ga_IE","og_type":"article","og_title":"C\u00e1s-staid\u00e9ir - Healthy Workplace Ireland","og_description":"Mar chuid den tionscadal seo, t\u00e1 roinnt c\u00e1s-staid\u00e9ir, a thaispe\u00e1nann dea-chleachtas i foll\u00e1ine san ionad oibre, bailithe. T\u00e1thar ag s\u00fail go gcuirfidh na c\u00e1s-staid\u00e9ir seo treoir ar f\u00e1il d'ionaid oibre eile ar mian leo dul i mbun foll\u00e1ine san ionad oibre a chur chun cinn ina n-eagra\u00edocht.","og_url":"https:\/\/healthyworkplace.ie\/ga\/areas\/cas-staideir\/","og_site_name":"Healthy Workplace Ireland","article_modified_time":"2023-05-09T14:43:38+00:00","twitter_card":"summary_large_image","schema":{"@context":"https:\/\/schema.org","@graph":[{"@type":"WebPage","@id":"https:\/\/healthyworkplace.ie\/ga\/areas\/cas-staideir\/","url":"https:\/\/healthyworkplace.ie\/ga\/areas\/cas-staideir\/","name":"C\u00e1s-staid\u00e9ir - Healthy Workplace Ireland","isPartOf":{"@id":"https:\/\/healthyworkplace.ie\/ga\/#website"},"primaryImageOfPage":{"@id":"https:\/\/healthyworkplace.ie\/ga\/areas\/cas-staideir\/#primaryimage"},"image":{"@id":"https:\/\/healthyworkplace.ie\/ga\/areas\/cas-staideir\/#primaryimage"},"thumbnailUrl":"https:\/\/healthyworkplace.ie\/wp-content\/uploads\/2022\/10\/Casestudies-area-figure-skirt-report-blue-1.svg","datePublished":"2022-10-18T17:59:43+00:00","dateModified":"2023-05-09T14:43:38+00:00","description":"Mar chuid den tionscadal seo, t\u00e1 roinnt c\u00e1s-staid\u00e9ir, a thaispe\u00e1nann dea-chleachtas i foll\u00e1ine san ionad oibre, bailithe. T\u00e1thar ag s\u00fail go gcuirfidh na c\u00e1s-staid\u00e9ir seo treoir ar f\u00e1il d'ionaid oibre eile ar mian leo dul i mbun foll\u00e1ine san ionad oibre a chur chun cinn ina n-eagra\u00edocht.","breadcrumb":{"@id":"https:\/\/healthyworkplace.ie\/ga\/areas\/cas-staideir\/#breadcrumb"},"inLanguage":"ga-IE","potentialAction":[{"@type":"ReadAction","target":["https:\/\/healthyworkplace.ie\/ga\/areas\/cas-staideir\/"]}]},{"@type":"ImageObject","inLanguage":"ga-IE","@id":"https:\/\/healthyworkplace.ie\/ga\/areas\/cas-staideir\/#primaryimage","url":"https:\/\/healthyworkplace.ie\/wp-content\/uploads\/2022\/10\/Casestudies-area-figure-skirt-report-blue-1.svg","contentUrl":"https:\/\/healthyworkplace.ie\/wp-content\/uploads\/2022\/10\/Casestudies-area-figure-skirt-report-blue-1.svg","caption":"Case studies area figure with blue hair, skirt, and report"},{"@type":"BreadcrumbList","@id":"https:\/\/healthyworkplace.ie\/ga\/areas\/cas-staideir\/#breadcrumb","itemListElement":[{"@type":"ListItem","position":1,"name":"Baile","item":"https:\/\/healthyworkplace.ie\/ga\/"},{"@type":"ListItem","position":2,"name":"Foll\u00e1ine san Obair","item":"https:\/\/healthyworkplace.ie\/ga\/areas\/"},{"@type":"ListItem","position":3,"name":"C\u00e1s-staid\u00e9ir"}]},{"@type":"WebSite","@id":"https:\/\/healthyworkplace.ie\/ga\/#website","url":"https:\/\/healthyworkplace.ie\/ga\/","name":"Healthy Ireland @ Work","description":"Sl\u00e1inte agus foll\u00e1ine oibrithe a chur chun cinn laistigh de gach ionad oibre","publisher":{"@id":"https:\/\/healthyworkplace.ie\/ga\/#organization"},"alternateName":"Healthy Workplace","potentialAction":[{"@type":"SearchAction","target":{"@type":"EntryPoint","urlTemplate":"https:\/\/healthyworkplace.ie\/ga\/?s={search_term_string}"},"query-input":{"@type":"PropertyValueSpecification","valueRequired":true,"valueName":"search_term_string"}}],"inLanguage":"ga-IE"},{"@type":"Organization","@id":"https:\/\/healthyworkplace.ie\/ga\/#organization","name":"Healthy Workplace Ireland","url":"https:\/\/healthyworkplace.ie\/ga\/","logo":{"@type":"ImageObject","inLanguage":"ga-IE","@id":"https:\/\/healthyworkplace.ie\/ga\/#\/schema\/logo\/image\/","url":"https:\/\/healthyworkplace.ie\/wp-content\/uploads\/2022\/06\/healthyucd-HealthyIreland3.png","contentUrl":"https:\/\/healthyworkplace.ie\/wp-content\/uploads\/2022\/06\/healthyucd-HealthyIreland3.png","width":150,"height":150,"caption":"Healthy Workplace Ireland"},"image":{"@id":"https:\/\/healthyworkplace.ie\/ga\/#\/schema\/logo\/image\/"}}]}},"_links":{"self":[{"href":"https:\/\/healthyworkplace.ie\/ga\/wp-json\/wp\/v2\/areas\/3001","targetHints":{"allow":["GET"]}}],"collection":[{"href":"https:\/\/healthyworkplace.ie\/ga\/wp-json\/wp\/v2\/areas"}],"about":[{"href":"https:\/\/healthyworkplace.ie\/ga\/wp-json\/wp\/v2\/types\/areas"}],"version-history":[{"count":1,"href":"https:\/\/healthyworkplace.ie\/ga\/wp-json\/wp\/v2\/areas\/3001\/revisions"}],"predecessor-version":[{"id":3002,"href":"https:\/\/healthyworkplace.ie\/ga\/wp-json\/wp\/v2\/areas\/3001\/revisions\/3002"}],"wp:featuredmedia":[{"embeddable":true,"href":"https:\/\/healthyworkplace.ie\/ga\/wp-json\/wp\/v2\/media\/2485"}],"wp:attachment":[{"href":"https:\/\/healthyworkplace.ie\/ga\/wp-json\/wp\/v2\/media?parent=3001"}],"curies":[{"name":"wp","href":"https:\/\/api.w.org\/{rel}","templated":true}]}}